{"id":2865,"date":"2018-09-03T15:34:41","date_gmt":"2018-09-03T15:34:41","guid":{"rendered":"http:\/\/esnatu.bizkeliza.org\/?page_id=2865"},"modified":"2021-05-05T10:09:35","modified_gmt":"2021-05-05T08:09:35","slug":"baliabideak","status":"publish","type":"page","link":"https:\/\/esnatu.bizkeliza.org\/eu\/baliabideak\/","title":{"rendered":"Baliabideak"},"content":{"rendered":"[vc_row type=&#8221;full_width_background&#8221; full_screen_row_position=&#8221;middle&#8221; column_margin=&#8221;default&#8221; column_direction=&#8221;default&#8221; column_direction_tablet=&#8221;default&#8221; column_direction_phone=&#8221;default&#8221; scene_position=&#8221;center&#8221; top_padding=&#8221;100&#8243; bottom_padding=&#8221;5%&#8221; text_color=&#8221;custom&#8221; custom_text_color=&#8221;#1b1464&#8243; text_align=&#8221;left&#8221; row_border_radius=&#8221;none&#8221; row_border_radius_applies=&#8221;bg&#8221; overlay_strength=&#8221;0.3&#8243; gradient_direction=&#8221;left_to_right&#8221; shape_divider_position=&#8221;bottom&#8221; bg_image_animation=&#8221;none&#8221; shape_type=&#8221;&#8221;][vc_column column_padding=&#8221;no-extra-padding&#8221; column_padding_tablet=&#8221;inherit&#8221; column_padding_phone=&#8221;inherit&#8221; column_padding_position=&#8221;all&#8221; column_element_spacing=&#8221;default&#8221; background_color_opacity=&#8221;1&#8243; background_hover_color_opacity=&#8221;1&#8243; column_shadow=&#8221;none&#8221; column_border_radius=&#8221;none&#8221; column_link_target=&#8221;_self&#8221; gradient_direction=&#8221;left_to_right&#8221; overlay_strength=&#8221;0.3&#8243; width=&#8221;1\/1&#8243; tablet_width_inherit=&#8221;default&#8221; tablet_text_alignment=&#8221;default&#8221; phone_text_alignment=&#8221;default&#8221; bg_image_animation=&#8221;none&#8221; border_type=&#8221;simple&#8221; column_border_width=&#8221;none&#8221; column_border_style=&#8221;solid&#8221;][divider line_type=&#8221;No Line&#8221; custom_height=&#8221;50&#8243;][tabbed_section style=&#8221;material&#8221; alignment=&#8221;center&#8221; spacing=&#8221;default&#8221; tab_color=&#8221;Accent-Color&#8221; icon_size=&#8221;36&#8243;][tab icon_family=&#8221;iconsmind&#8221; title=&#8221;Estekak&#8221; id=&#8221;1620201988969-7&#8243; tab_id=&#8221;1620201988970-6&#8243; icon_iconsmind=&#8221;iconsmind-File-Link&#8221;][vc_row_inner equal_height=&#8221;yes&#8221; content_placement=&#8221;top&#8221; column_margin=&#8221;default&#8221; column_direction=&#8221;default&#8221; column_direction_tablet=&#8221;default&#8221; column_direction_phone=&#8221;default&#8221; text_align=&#8221;left&#8221;][vc_column_inner column_padding=&#8221;no-extra-padding&#8221; column_padding_tablet=&#8221;inherit&#8221; column_padding_phone=&#8221;inherit&#8221; column_padding_position=&#8221;all&#8221; column_element_spacing=&#8221;default&#8221; background_color_opacity=&#8221;1&#8243; background_hover_color_opacity=&#8221;1&#8243; font_color=&#8221;#1b1464&#8243; column_shadow=&#8221;none&#8221; column_border_radius=&#8221;none&#8221; column_link_target=&#8221;_self&#8221; gradient_direction=&#8221;left_to_right&#8221; overlay_strength=&#8221;0.3&#8243; width=&#8221;1\/1&#8243; tablet_width_inherit=&#8221;default&#8221; bg_image_animation=&#8221;none&#8221; border_type=&#8221;simple&#8221; column_border_width=&#8221;none&#8221; column_border_style=&#8221;solid&#8221;]<div class=\"nectar-fancy-ul\" data-list-icon=\"icon-salient-thin-line\" data-animation=\"false\" data-animation-delay=\"0\" data-color=\"accent-color\" data-spacing=\"default\" data-alignment=\"left\"> \n<ul>\n<li><strong>Bilboko Elizbarrutia<\/strong> &#8211;\u00a0\u00a0<a href=\"http:\/\/www.bizkeliza.org\/eu\/\" target=\"_blank\" rel=\"noopener noreferrer\">bizkeliza.org<\/a><\/li>\n<li><strong>Otoitz egiteko \u2013helduak<\/strong>\u00a0&#8211;\u00a0\u00a0<a href=\"https:\/\/rezandovoy.org\" target=\"_blank\" rel=\"noopener noreferrer\">rezandovoy.org<\/a><\/li>\n<li><strong>Otoitz egiteko \u2013haurrak<\/strong>\u00a0&#8211;\u00a0\u00a0<a href=\"https:\/\/rezandovoy.org\/infantil\" target=\"_blank\" rel=\"noopener noreferrer\">rezandovoy.org\/infantil<\/a><\/li>\n<li><strong>Asteko hausnarketa igandeko ebanjelioarekin \u2013helduak<\/strong>\u00a0&#8211;\u00a0<a href=\"http:\/\/www.quierover.org\/portal\">quierover.org\/portal<\/a><\/li>\n<li><strong>Fanoren koloretako marrazkiak<\/strong> &#8211;\u00a0 <a href=\"https:\/\/www.diocesismalaga.es\/dibujos-de-fano-en-color\" target=\"_blank\" rel=\"noopener noreferrer\">diocesismalaga.es\/dibujos-de-fano-en-color<\/a><\/li>\n<li><strong>Fanoren marrazkiak margotzeko<\/strong> &#8211; <a href=\"https:\/\/www.diocesismalaga.es\/dibujos-de-fano-en-blanco-y-negro\">diocesismalaga.es\/dibujos-de-fano-en-blanco-y-negro<\/a><\/li>\n<li><strong>\u2018Muxote Potolo bat\u2019 kartelak<\/strong> &#8211; <a href=\"http:\/\/www.muxotepotolobat.com\" target=\"_blank\" rel=\"noopener noreferrer\">muxotepotolobat.com<\/a><\/li>\n<li><strong>Musika entzuteko<br \/>\n<\/strong><\/li>\n<li>* <a href=\"https:\/\/www.youtube.com\/watch?v=UBjBWjLFr_Q\">Taiz\u00e9 Instrumental<\/a><br \/>\n* <a href=\"https:\/\/youtu.be\/MtPIiBxKvd4\">YIRUMA &#8220;First Love&#8221; Piano<\/a><\/li>\n<\/ul>\n <\/div>[\/vc_column_inner][\/vc_row_inner][divider line_type=&#8221;No Line&#8221; custom_height=&#8221;100&#8243;][\/tab][tab icon_family=&#8221;iconsmind&#8221; title=&#8221;Kontaketak&#8221; id=&#8221;1620201989050-0&#8243; tab_id=&#8221;1620201989050-4&#8243; icon_iconsmind=&#8221;iconsmind-Folder-WithDocument&#8221;][vc_row_inner column_margin=&#8221;default&#8221; column_direction=&#8221;default&#8221; column_direction_tablet=&#8221;default&#8221; column_direction_phone=&#8221;default&#8221; text_align=&#8221;left&#8221;][vc_column_inner column_padding=&#8221;no-extra-padding&#8221; column_padding_tablet=&#8221;inherit&#8221; column_padding_phone=&#8221;inherit&#8221; column_padding_position=&#8221;all&#8221; column_element_spacing=&#8221;default&#8221; centered_text=&#8221;true&#8221; background_color_opacity=&#8221;1&#8243; background_hover_color_opacity=&#8221;1&#8243; font_color=&#8221;#1b1464&#8243; column_shadow=&#8221;none&#8221; column_border_radius=&#8221;none&#8221; column_link_target=&#8221;_self&#8221; gradient_direction=&#8221;left_to_right&#8221; overlay_strength=&#8221;0.3&#8243; width=&#8221;1\/3&#8243; tablet_width_inherit=&#8221;default&#8221; bg_image_animation=&#8221;none&#8221; border_type=&#8221;simple&#8221; column_border_width=&#8221;none&#8221; column_border_style=&#8221;solid&#8221;][vc_column_text]\n<h4><span style=\"color: #1b1464;\">Par\u00e1bola del pescador mejicano<\/span><\/h4>\n<p><span style=\"color: #1b1464;\"><img loading=\"lazy\" decoding=\"async\" class=\"alignnone size-full wp-image-2868\" src=\"https:\/\/esnatu.bizkeliza.org\/wp-content\/uploads\/2018\/07\/documento-mini.png\" alt=\"\" width=\"63\" height=\"90\" \/><\/span><\/p>\n<p><span style=\"color: #1b1464;\"><a class=\"nectar-button n-sc-button small accent-color has-icon regular-button\" target=\"_blank\" href=\"https:\/\/esnatu.bizkeliza.org\/wp-content\/uploads\/2018\/07\/parabola-del-pescador-mejicano.pdf\" data-color-override=\"#f6653c\" data-hover-color-override=\"false\" data-hover-text-color-override=\"#fff\"><span>Deskargatu<\/span><i class=\"icon-button-arrow\"><\/i><\/a><\/span>[\/vc_column_text][\/vc_column_inner][vc_column_inner column_padding=&#8221;no-extra-padding&#8221; column_padding_tablet=&#8221;inherit&#8221; column_padding_phone=&#8221;inherit&#8221; column_padding_position=&#8221;all&#8221; column_element_spacing=&#8221;default&#8221; centered_text=&#8221;true&#8221; background_color_opacity=&#8221;1&#8243; background_hover_color_opacity=&#8221;1&#8243; column_shadow=&#8221;none&#8221; column_border_radius=&#8221;none&#8221; column_link_target=&#8221;_self&#8221; gradient_direction=&#8221;left_to_right&#8221; overlay_strength=&#8221;0.3&#8243; width=&#8221;1\/3&#8243; tablet_width_inherit=&#8221;default&#8221; bg_image_animation=&#8221;none&#8221; border_type=&#8221;simple&#8221; column_border_width=&#8221;none&#8221; column_border_style=&#8221;solid&#8221;][vc_column_text]\n<h4><span style=\"color: #1b1464;\">Relato Gansos<\/span><\/h4>\n<p><span style=\"color: #1b1464;\"><img loading=\"lazy\" decoding=\"async\" class=\"alignnone size-full wp-image-2868\" src=\"https:\/\/esnatu.bizkeliza.org\/wp-content\/uploads\/2018\/07\/documento-mini.png\" alt=\"\" width=\"63\" height=\"90\" \/><\/span><\/p>\n<p><span style=\"color: #1b1464;\"><a class=\"nectar-button n-sc-button small accent-color has-icon regular-button\" target=\"_blank\" href=\"https:\/\/esnatu.bizkeliza.org\/wp-content\/uploads\/2018\/07\/Relato-gansos.pdf\" data-color-override=\"#f6653c\" data-hover-color-override=\"false\" data-hover-text-color-override=\"#fff\"><span>Deskargatu<\/span><i class=\"icon-button-arrow\"><\/i><\/a><\/span>[\/vc_column_text][\/vc_column_inner][vc_column_inner column_padding=&#8221;no-extra-padding&#8221; column_padding_tablet=&#8221;inherit&#8221; column_padding_phone=&#8221;inherit&#8221; column_padding_position=&#8221;all&#8221; column_element_spacing=&#8221;default&#8221; background_color_opacity=&#8221;1&#8243; background_hover_color_opacity=&#8221;1&#8243; column_shadow=&#8221;none&#8221; column_border_radius=&#8221;none&#8221; column_link_target=&#8221;_self&#8221; gradient_direction=&#8221;left_to_right&#8221; overlay_strength=&#8221;0.3&#8243; width=&#8221;1\/3&#8243; tablet_width_inherit=&#8221;default&#8221; bg_image_animation=&#8221;none&#8221; border_type=&#8221;simple&#8221; column_border_width=&#8221;none&#8221; column_border_style=&#8221;solid&#8221;][\/vc_column_inner][\/vc_row_inner][\/tab][tab icon_family=&#8221;iconsmind&#8221; title=&#8221;Idazkiak&#8221; id=&#8221;1620201989135-4&#8243; tab_id=&#8221;1620201989136-7&#8243; icon_iconsmind=&#8221;iconsmind-Wrap-Text&#8221;][vc_row_inner column_margin=&#8221;default&#8221; column_direction=&#8221;default&#8221; column_direction_tablet=&#8221;default&#8221; column_direction_phone=&#8221;default&#8221; text_align=&#8221;left&#8221;][vc_column_inner column_padding=&#8221;no-extra-padding&#8221; column_padding_tablet=&#8221;inherit&#8221; column_padding_phone=&#8221;inherit&#8221; column_padding_position=&#8221;all&#8221; column_element_spacing=&#8221;default&#8221; centered_text=&#8221;true&#8221; background_color_opacity=&#8221;1&#8243; background_hover_color_opacity=&#8221;1&#8243; font_color=&#8221;#1b1464&#8243; column_shadow=&#8221;none&#8221; column_border_radius=&#8221;none&#8221; column_link_target=&#8221;_self&#8221; gradient_direction=&#8221;left_to_right&#8221; overlay_strength=&#8221;0.3&#8243; width=&#8221;1\/3&#8243; tablet_width_inherit=&#8221;default&#8221; bg_image_animation=&#8221;none&#8221; border_type=&#8221;simple&#8221; column_border_width=&#8221;none&#8221; column_border_style=&#8221;solid&#8221;][vc_column_text]\n<h4>Enc\u00edclica Laudato Si &#8211; Papa Francesco<\/h4>\n<p><span style=\"color: #1b1464;\"><img loading=\"lazy\" decoding=\"async\" class=\"alignnone size-full wp-image-2868\" src=\"https:\/\/esnatu.bizkeliza.org\/wp-content\/uploads\/2018\/07\/documento-mini.png\" alt=\"\" width=\"63\" height=\"90\" \/><\/span><\/p>\n<p><span style=\"color: #1b1464;\"><a class=\"nectar-button n-sc-button small accent-color has-icon regular-button\" target=\"_blank\" href=\"https:\/\/esnatu.bizkeliza.org\/wp-content\/uploads\/2018\/07\/papa-francesco_20150524_enciclica-laudato-si_sp.pdf\" data-color-override=\"#f6653c\" data-hover-color-override=\"false\" data-hover-text-color-override=\"#fff\"><span>Deskargatu<\/span><i class=\"icon-button-arrow\"><\/i><\/a><\/span>[\/vc_column_text][\/vc_column_inner][vc_column_inner column_padding=&#8221;no-extra-padding&#8221; column_padding_tablet=&#8221;inherit&#8221; column_padding_phone=&#8221;inherit&#8221; column_padding_position=&#8221;all&#8221; column_element_spacing=&#8221;default&#8221; centered_text=&#8221;true&#8221; background_color_opacity=&#8221;1&#8243; background_hover_color_opacity=&#8221;1&#8243; column_shadow=&#8221;none&#8221; column_border_radius=&#8221;none&#8221; column_link_target=&#8221;_self&#8221; gradient_direction=&#8221;left_to_right&#8221; overlay_strength=&#8221;0.3&#8243; width=&#8221;1\/3&#8243; tablet_width_inherit=&#8221;default&#8221; bg_image_animation=&#8221;none&#8221; border_type=&#8221;simple&#8221; column_border_width=&#8221;none&#8221; column_border_style=&#8221;solid&#8221;][vc_column_text]\n<h4>Jornada mundial de los pobres &#8211; Papa Francesco<\/h4>\n<p><span style=\"color: #1b1464;\"><img loading=\"lazy\" decoding=\"async\" class=\"alignnone size-full wp-image-2868\" src=\"https:\/\/esnatu.bizkeliza.org\/wp-content\/uploads\/2018\/07\/documento-mini.png\" alt=\"\" width=\"63\" height=\"90\" \/><\/span><\/p>\n<p><span style=\"color: #1b1464;\"><a class=\"nectar-button n-sc-button small accent-color has-icon regular-button\" target=\"_blank\" href=\"https:\/\/esnatu.bizkeliza.org\/wp-content\/uploads\/2018\/07\/papa-francesco_20170613_messaggio-i-giornatamondiale-poveri-2017.pdf\" data-color-override=\"#f6653c\" data-hover-color-override=\"false\" data-hover-text-color-override=\"#fff\"><span>Deskargatu<\/span><i class=\"icon-button-arrow\"><\/i><\/a><\/span>[\/vc_column_text][\/vc_column_inner][vc_column_inner column_padding=&#8221;no-extra-padding&#8221; column_padding_tablet=&#8221;inherit&#8221; column_padding_phone=&#8221;inherit&#8221; column_padding_position=&#8221;all&#8221; column_element_spacing=&#8221;default&#8221; background_color_opacity=&#8221;1&#8243; background_hover_color_opacity=&#8221;1&#8243; column_shadow=&#8221;none&#8221; column_border_radius=&#8221;none&#8221; column_link_target=&#8221;_self&#8221; gradient_direction=&#8221;left_to_right&#8221; overlay_strength=&#8221;0.3&#8243; width=&#8221;1\/3&#8243; tablet_width_inherit=&#8221;default&#8221; bg_image_animation=&#8221;none&#8221; border_type=&#8221;simple&#8221; column_border_width=&#8221;none&#8221; column_border_style=&#8221;solid&#8221;][\/vc_column_inner][\/vc_row_inner][\/tab][tab icon_family=&#8221;iconsmind&#8221; title=&#8221;Abestiak&#8221; id=&#8221;1620201989226-3&#8243; tab_id=&#8221;1620201989227-10&#8243; icon_iconsmind=&#8221;iconsmind-Sound-Wave&#8221;][vc_row_inner equal_height=&#8221;yes&#8221; column_margin=&#8221;default&#8221; column_direction=&#8221;default&#8221; column_direction_tablet=&#8221;default&#8221; column_direction_phone=&#8221;default&#8221; text_align=&#8221;left&#8221; css=&#8221;.vc_custom_1526391407734{border-radius: 20px !important;}&#8221;][vc_column_inner column_padding=&#8221;no-extra-padding&#8221; column_padding_tablet=&#8221;inherit&#8221; column_padding_phone=&#8221;inherit&#8221; column_padding_position=&#8221;all&#8221; column_element_spacing=&#8221;default&#8221; centered_text=&#8221;true&#8221; background_color_opacity=&#8221;1&#8243; background_hover_color_opacity=&#8221;1&#8243; column_shadow=&#8221;none&#8221; column_border_radius=&#8221;none&#8221; column_link_target=&#8221;_self&#8221; gradient_direction=&#8221;left_to_right&#8221; overlay_strength=&#8221;0.3&#8243; width=&#8221;1\/1&#8243; tablet_width_inherit=&#8221;default&#8221; bg_image_animation=&#8221;none&#8221; border_type=&#8221;simple&#8221; column_border_width=&#8221;none&#8221; column_border_style=&#8221;solid&#8221;][vc_column_text]\n<h2 style=\"text-align: center;\"><span style=\"color: #1b1464;\">Abestiak irudiekin\u00a0<\/span><\/h2>\n[\/vc_column_text][\/vc_column_inner][\/vc_row_inner][vc_row_inner equal_height=&#8221;yes&#8221; column_margin=&#8221;default&#8221; column_direction=&#8221;default&#8221; column_direction_tablet=&#8221;default&#8221; column_direction_phone=&#8221;default&#8221; text_align=&#8221;left&#8221;][vc_column_inner column_padding=&#8221;no-extra-padding&#8221; column_padding_tablet=&#8221;inherit&#8221; column_padding_phone=&#8221;inherit&#8221; column_padding_position=&#8221;all&#8221; column_element_spacing=&#8221;default&#8221; background_color_opacity=&#8221;1&#8243; background_hover_color_opacity=&#8221;1&#8243; column_shadow=&#8221;none&#8221; column_border_radius=&#8221;none&#8221; column_link_target=&#8221;_self&#8221; gradient_direction=&#8221;left_to_right&#8221; overlay_strength=&#8221;0.3&#8243; width=&#8221;1\/2&#8243; tablet_width_inherit=&#8221;default&#8221; bg_image_animation=&#8221;none&#8221; border_type=&#8221;simple&#8221; column_border_width=&#8221;none&#8221; column_border_style=&#8221;solid&#8221;][divider line_type=&#8221;No Line&#8221; custom_height=&#8221;30&#8243;][vc_column_text]\n<h4>El arca de Noe<\/h4>\n<p>Destinatarios: Infantil. Idioma: Castellano[\/vc_column_text][divider line_type=&#8221;No Line&#8221; custom_height=&#8221;20&#8243;][vc_video link=&#8221;https:\/\/youtu.be\/T-_JkELnw7M&#8221; el_width=&#8221;80&#8243;][\/vc_column_inner][vc_column_inner column_padding=&#8221;no-extra-padding&#8221; column_padding_tablet=&#8221;inherit&#8221; column_padding_phone=&#8221;inherit&#8221; column_padding_position=&#8221;all&#8221; column_element_spacing=&#8221;default&#8221; background_color_opacity=&#8221;1&#8243; background_hover_color_opacity=&#8221;1&#8243; column_shadow=&#8221;none&#8221; column_border_radius=&#8221;none&#8221; column_link_target=&#8221;_self&#8221; gradient_direction=&#8221;left_to_right&#8221; overlay_strength=&#8221;0.3&#8243; width=&#8221;1\/2&#8243; tablet_width_inherit=&#8221;default&#8221; bg_image_animation=&#8221;none&#8221; border_type=&#8221;simple&#8221; column_border_width=&#8221;none&#8221; column_border_style=&#8221;solid&#8221;][divider line_type=&#8221;No Line&#8221; custom_height=&#8221;30&#8243;][vc_column_text]\n<h4>El camino que lleva a Bel\u00e9n<\/h4>\n<p>Destinatarios: Adultos. Idioma: Ingl\u00e9s[\/vc_column_text][divider line_type=&#8221;No Line&#8221; custom_height=&#8221;20&#8243;][vc_video link=&#8221;https:\/\/youtu.be\/qJ_MGWio-vc&#8221;][\/vc_column_inner][\/vc_row_inner][vc_row_inner equal_height=&#8221;yes&#8221; column_margin=&#8221;default&#8221; column_direction=&#8221;default&#8221; column_direction_tablet=&#8221;default&#8221; column_direction_phone=&#8221;default&#8221; text_align=&#8221;left&#8221;][vc_column_inner column_padding=&#8221;no-extra-padding&#8221; column_padding_tablet=&#8221;inherit&#8221; column_padding_phone=&#8221;inherit&#8221; column_padding_position=&#8221;all&#8221; column_element_spacing=&#8221;default&#8221; background_color_opacity=&#8221;1&#8243; background_hover_color_opacity=&#8221;1&#8243; column_shadow=&#8221;none&#8221; column_border_radius=&#8221;none&#8221; column_link_target=&#8221;_self&#8221; gradient_direction=&#8221;left_to_right&#8221; overlay_strength=&#8221;0.3&#8243; width=&#8221;1\/2&#8243; tablet_width_inherit=&#8221;default&#8221; bg_image_animation=&#8221;none&#8221; border_type=&#8221;simple&#8221; column_border_width=&#8221;none&#8221; column_border_style=&#8221;solid&#8221;][divider line_type=&#8221;No Line&#8221; custom_height=&#8221;30&#8243;][vc_column_text]\n<h4>Nace Jes\u00fas \u2013 Halleluya<\/h4>\n<p>Canci\u00f3n sobre el nacimiento de Jes\u00fas. Destinatarios: Adultos. Idioma: Ingl\u00e9s[\/vc_column_text][divider line_type=&#8221;No Line&#8221; custom_height=&#8221;20&#8243;][vc_video link=&#8221;https:\/\/www.youtube.com\/watch?v=-M32xbjjmV0&#8243;][\/vc_column_inner][vc_column_inner column_padding=&#8221;no-extra-padding&#8221; column_padding_tablet=&#8221;inherit&#8221; column_padding_phone=&#8221;inherit&#8221; column_padding_position=&#8221;all&#8221; column_element_spacing=&#8221;default&#8221; background_color_opacity=&#8221;1&#8243; background_hover_color_opacity=&#8221;1&#8243; column_shadow=&#8221;none&#8221; column_border_radius=&#8221;none&#8221; column_link_target=&#8221;_self&#8221; gradient_direction=&#8221;left_to_right&#8221; overlay_strength=&#8221;0.3&#8243; width=&#8221;1\/2&#8243; tablet_width_inherit=&#8221;default&#8221; bg_image_animation=&#8221;none&#8221; border_type=&#8221;simple&#8221; column_border_width=&#8221;none&#8221; column_border_style=&#8221;solid&#8221;][divider line_type=&#8221;No Line&#8221; custom_height=&#8221;30&#8243;][vc_column_text]\n<h4>Siempre junto a ti<\/h4>\n<p>Canci\u00f3n de Luis Guitarra. Destinatarios: Adultos. Idioma: Castellano[\/vc_column_text][divider line_type=&#8221;No Line&#8221; custom_height=&#8221;20&#8243;][vc_video link=&#8221;https:\/\/www.youtube.com\/watch?v=shTOvbwYgps&#8221;][\/vc_column_inner][\/vc_row_inner][vc_row_inner column_margin=&#8221;default&#8221; column_direction=&#8221;default&#8221; column_direction_tablet=&#8221;default&#8221; column_direction_phone=&#8221;default&#8221; text_align=&#8221;left&#8221;][vc_column_inner column_padding=&#8221;no-extra-padding&#8221; column_padding_tablet=&#8221;inherit&#8221; column_padding_phone=&#8221;inherit&#8221; column_padding_position=&#8221;all&#8221; column_element_spacing=&#8221;default&#8221; background_color_opacity=&#8221;1&#8243; background_hover_color_opacity=&#8221;1&#8243; column_shadow=&#8221;none&#8221; column_border_radius=&#8221;none&#8221; column_link_target=&#8221;_self&#8221; gradient_direction=&#8221;left_to_right&#8221; overlay_strength=&#8221;0.3&#8243; width=&#8221;1\/1&#8243; tablet_width_inherit=&#8221;default&#8221; bg_image_animation=&#8221;none&#8221; border_type=&#8221;simple&#8221; column_border_width=&#8221;none&#8221; column_border_style=&#8221;solid&#8221;][divider line_type=&#8221;No Line&#8221; custom_height=&#8221;50&#8243;][vc_column_text]\n<h2 style=\"text-align: center;\"><span style=\"color: #1b1464;\">Musika barneratzea eragiteko<\/span><\/h2>\n[\/vc_column_text][\/vc_column_inner][\/vc_row_inner][vc_row_inner column_margin=&#8221;default&#8221; column_direction=&#8221;default&#8221; column_direction_tablet=&#8221;default&#8221; column_direction_phone=&#8221;default&#8221; text_align=&#8221;left&#8221;][vc_column_inner column_padding=&#8221;no-extra-padding&#8221; column_padding_tablet=&#8221;inherit&#8221; column_padding_phone=&#8221;inherit&#8221; column_padding_position=&#8221;all&#8221; column_element_spacing=&#8221;default&#8221; background_color_opacity=&#8221;1&#8243; background_hover_color_opacity=&#8221;1&#8243; column_shadow=&#8221;none&#8221; column_border_radius=&#8221;none&#8221; column_link_target=&#8221;_self&#8221; gradient_direction=&#8221;left_to_right&#8221; overlay_strength=&#8221;0.3&#8243; width=&#8221;1\/2&#8243; tablet_width_inherit=&#8221;default&#8221; bg_image_animation=&#8221;none&#8221; border_type=&#8221;simple&#8221; column_border_width=&#8221;none&#8221; column_border_style=&#8221;solid&#8221;][divider line_type=&#8221;No Line&#8221; custom_height=&#8221;50&#8243;][vc_video link=&#8221;https:\/\/youtu.be\/g7pelNCz30w&#8221;][\/vc_column_inner][vc_column_inner column_padding=&#8221;no-extra-padding&#8221; column_padding_tablet=&#8221;inherit&#8221; column_padding_phone=&#8221;inherit&#8221; column_padding_position=&#8221;all&#8221; column_element_spacing=&#8221;default&#8221; background_color_opacity=&#8221;1&#8243; background_hover_color_opacity=&#8221;1&#8243; column_shadow=&#8221;none&#8221; column_border_radius=&#8221;none&#8221; column_link_target=&#8221;_self&#8221; gradient_direction=&#8221;left_to_right&#8221; overlay_strength=&#8221;0.3&#8243; width=&#8221;1\/2&#8243; tablet_width_inherit=&#8221;default&#8221; bg_image_animation=&#8221;none&#8221; border_type=&#8221;simple&#8221; column_border_width=&#8221;none&#8221; column_border_style=&#8221;solid&#8221;][\/vc_column_inner][\/vc_row_inner][vc_row_inner column_margin=&#8221;default&#8221; column_direction=&#8221;default&#8221; column_direction_tablet=&#8221;default&#8221; column_direction_phone=&#8221;default&#8221; text_align=&#8221;left&#8221;][vc_column_inner column_padding=&#8221;no-extra-padding&#8221; column_padding_tablet=&#8221;inherit&#8221; column_padding_phone=&#8221;inherit&#8221; column_padding_position=&#8221;all&#8221; column_element_spacing=&#8221;default&#8221; background_color_opacity=&#8221;1&#8243; background_hover_color_opacity=&#8221;1&#8243; column_shadow=&#8221;none&#8221; column_border_radius=&#8221;none&#8221; column_link_target=&#8221;_self&#8221; gradient_direction=&#8221;left_to_right&#8221; overlay_strength=&#8221;0.3&#8243; width=&#8221;1\/1&#8243; tablet_width_inherit=&#8221;default&#8221; bg_image_animation=&#8221;none&#8221; border_type=&#8221;simple&#8221; column_border_width=&#8221;none&#8221; column_border_style=&#8221;solid&#8221;][divider line_type=&#8221;No Line&#8221; custom_height=&#8221;50&#8243;][vc_column_text]\n<h2 style=\"text-align: center;\"><span style=\"color: #1b1464;\">Abestiak euskeraz<\/span><\/h2>\n[\/vc_column_text][\/vc_column_inner][\/vc_row_inner][vc_column_text]\n<div class=\"wp-playlist wp-audio-playlist wp-playlist-light\">\n\t\t\t<div class=\"wp-playlist-current-item\"><\/div>\n\t\t<audio controls=\"controls\" preload=\"none\" width=\"1058\"\n\t\t\t><\/audio>\n\t<div class=\"wp-playlist-next\"><\/div>\n\t<div class=\"wp-playlist-prev\"><\/div>\n\t<noscript>\n\t<ol>\n\t\t<li><a href='https:\/\/esnatu.bizkeliza.org\/wp-content\/uploads\/2018\/07\/01-_ETORRI_ETA_IKUSI.mp3'>ETORRI ETA IKUSI<\/a><\/li><li><a href='https:\/\/esnatu.bizkeliza.org\/wp-content\/uploads\/2018\/07\/01-_NORK_EGIN_ZITUEN.mp3'>NORK EGIN ZITUEN<\/a><\/li><li><a href='https:\/\/esnatu.bizkeliza.org\/wp-content\/uploads\/2018\/07\/02_-NAZARETEKO_JESUS.mp3'>NAZARETEKO JESUS<\/a><\/li><li><a href='https:\/\/esnatu.bizkeliza.org\/wp-content\/uploads\/2018\/07\/02-_HEGAN_IGERIAN_KORRIKAN.mp3'>HEGAN IGERIAN KORRIKAN<\/a><\/li><li><a href='https:\/\/esnatu.bizkeliza.org\/wp-content\/uploads\/2018\/07\/03-_DENON_EGILE_JAINKO_AITA.mp3'>DENON EGILE JAINKO AITA<\/a><\/li><li><a href='https:\/\/esnatu.bizkeliza.org\/wp-content\/uploads\/2018\/07\/03-_JESUSEK_DEI_IKASLEEI.mp3'>JESUSEK DEI IKASLEEI<\/a><\/li><li><a href='https:\/\/esnatu.bizkeliza.org\/wp-content\/uploads\/2018\/07\/04-_ITSUA_BIDE_ERTZEAN.mp3'>ITSUA BIDE ERTZEAN<\/a><\/li><li><a href='https:\/\/esnatu.bizkeliza.org\/wp-content\/uploads\/2018\/07\/04-_ZERTAN_ZABILTZA_ZU.mp3'>ZERTAN ZABILTZA ZU<\/a><\/li><li><a href='https:\/\/esnatu.bizkeliza.org\/wp-content\/uploads\/2018\/07\/05-_BA_AL_DAKIZU.mp3'>BA AL DAKIZU<\/a><\/li><li><a href='https:\/\/esnatu.bizkeliza.org\/wp-content\/uploads\/2018\/07\/05-_JESUS_ZAKEOREKIN.mp3'>JESUS ZAKEOREKIN<\/a><\/li><li><a href='https:\/\/esnatu.bizkeliza.org\/wp-content\/uploads\/2018\/07\/06-_JESUSEK_JATEN_EMAN.mp3'>JESUSEK JATEN_EMAN<\/a><\/li><li><a href='https:\/\/esnatu.bizkeliza.org\/wp-content\/uploads\/2018\/07\/06-_ZATOZTE_BELENA.mp3'>ZATOZTE BELENA<\/a><\/li><li><a href='https:\/\/esnatu.bizkeliza.org\/wp-content\/uploads\/2018\/07\/07-_GABON_MISTERIOA.mp3'>GABON MISTERIOA<\/a><\/li><li><a href='https:\/\/esnatu.bizkeliza.org\/wp-content\/uploads\/2018\/07\/07-_JAINKOA_AITA_EITZEN_DA.mp3'>JAINKOA AITA EITZEN DA<\/a><\/li><li><a href='https:\/\/esnatu.bizkeliza.org\/wp-content\/uploads\/2018\/07\/08-_IKASI_TA_HAZI.mp3'>IKASI TA HAZI<\/a><\/li><li><a href='https:\/\/esnatu.bizkeliza.org\/wp-content\/uploads\/2018\/07\/08-_MAITATU_NIK_BEZALA.mp3'>MAITATU NIK BEZALA<\/a><\/li><li><a href='https:\/\/esnatu.bizkeliza.org\/wp-content\/uploads\/2018\/07\/09-_IKUSTEN_ZAITUT_IKUSTEN_NAUZU.mp3'>IKUSTEN ZAITUT IKUSTEN NAUZU<\/a><\/li><li><a href='https:\/\/esnatu.bizkeliza.org\/wp-content\/uploads\/2018\/07\/09-_SAMARIAR_ONA.mp3'>SAMARIAR ONA<\/a><\/li><li><a href='https:\/\/esnatu.bizkeliza.org\/wp-content\/uploads\/2018\/07\/10-_BAI_EDERRAK_HITZAK.mp3'>BAI EDERRAK HITZAK<\/a><\/li><li><a href='https:\/\/esnatu.bizkeliza.org\/wp-content\/uploads\/2018\/07\/10-_JESUSEN_ZORION-BIDEA.mp3'>JESUSEN ZORION BIDEA<\/a><\/li><li><a href='https:\/\/esnatu.bizkeliza.org\/wp-content\/uploads\/2018\/07\/11-_JESUS_HIL_EGITEN_DA.mp3'>JESUS HIL EGITEN DA<\/a><\/li><li><a href='https:\/\/esnatu.bizkeliza.org\/wp-content\/uploads\/2018\/07\/11-_PASTELA_ETA_LARROSA.mp3'>PASTELA ETA LARROSA<\/a><\/li><li><a href='https:\/\/esnatu.bizkeliza.org\/wp-content\/uploads\/2018\/07\/12-_GURE_ESKUAK.mp3'>GURE ESKUAK<\/a><\/li><li><a href='https:\/\/esnatu.bizkeliza.org\/wp-content\/uploads\/2018\/07\/12-_JESUS_PIZTU_EGINA_DA.mp3'>JESUS PIZTU EGINA DA<\/a><\/li><li><a href='https:\/\/esnatu.bizkeliza.org\/wp-content\/uploads\/2018\/07\/13-_BETI_GUREKIN.mp3'>BETI GUREKIN<\/a><\/li><li><a href='https:\/\/esnatu.bizkeliza.org\/wp-content\/uploads\/2018\/07\/13-_JESUSEN_ESPIRITUA.mp3'>JESUSEN ESPIRITUA<\/a><\/li><li><a href='https:\/\/esnatu.bizkeliza.org\/wp-content\/uploads\/2018\/07\/14-_JESUSEK_APOSTULUAK_BIDALTZEN.mp3'>JESUSEK APOSTULUAK BIDALTZEN<\/a><\/li><li><a href='https:\/\/esnatu.bizkeliza.org\/wp-content\/uploads\/2018\/07\/14-_PAZKO_JAIA.mp3'>PAZKO JAIA<\/a><\/li><li><a href='https:\/\/esnatu.bizkeliza.org\/wp-content\/uploads\/2018\/07\/15-_IGANDERA_KORRIKA.mp3'>IGANDERA KORRIKA<\/a><\/li><li><a href='https:\/\/esnatu.bizkeliza.org\/wp-content\/uploads\/2018\/07\/15-_JESUS_GAUR_ERE_GUREKIN.mp3'>JESUS GAUR ERE GUREKIN<\/a><\/li><li><a href='https:\/\/esnatu.bizkeliza.org\/wp-content\/uploads\/2018\/07\/16-_AMAREN_JAIA.mp3'>AMAREN JAIA<\/a><\/li><li><a href='https:\/\/esnatu.bizkeliza.org\/wp-content\/uploads\/2018\/07\/17-_BETIKO_JAIA.mp3'>BETIKO JAIA<\/a><\/li>\t<\/ol>\n\t<\/noscript>\n\t<script type=\"application\/json\" class=\"wp-playlist-script\">{\"type\":\"audio\",\"tracklist\":true,\"tracknumbers\":true,\"images\":true,\"artists\":true,\"tracks\":[{\"src\":\"https:\/\/esnatu.bizkeliza.org\/wp-content\/uploads\/2018\/07\/01-_ETORRI_ETA_IKUSI.mp3\",\"type\":\"audio\/mpeg\",\"title\":\"ETORRI ETA IKUSI\",\"caption\":\"\",\"description\":\"\",\"meta\":{\"length_formatted\":\"1:06\"},\"image\":{\"src\":\"https:\/\/esnatu.bizkeliza.org\/wp-includes\/images\/media\/audio.svg\",\"width\":48,\"height\":64},\"thumb\":{\"src\":\"https:\/\/esnatu.bizkeliza.org\/wp-includes\/images\/media\/audio.svg\",\"width\":48,\"height\":64}},{\"src\":\"https:\/\/esnatu.bizkeliza.org\/wp-content\/uploads\/2018\/07\/01-_NORK_EGIN_ZITUEN.mp3\",\"type\":\"audio\/mpeg\",\"title\":\"NORK EGIN ZITUEN\",\"caption\":\"\",\"description\":\"\",\"meta\":{\"genre\":\"Other\",\"length_formatted\":\"0:39\"},\"image\":{\"src\":\"https:\/\/esnatu.bizkeliza.org\/wp-includes\/images\/media\/audio.svg\",\"width\":48,\"height\":64},\"thumb\":{\"src\":\"https:\/\/esnatu.bizkeliza.org\/wp-includes\/images\/media\/audio.svg\",\"width\":48,\"height\":64}},{\"src\":\"https:\/\/esnatu.bizkeliza.org\/wp-content\/uploads\/2018\/07\/02_-NAZARETEKO_JESUS.mp3\",\"type\":\"audio\/mpeg\",\"title\":\"NAZARETEKO JESUS\",\"caption\":\"\",\"description\":\"\\\"02_-NAZARETEKO_JESUS\\\".\",\"meta\":{\"length_formatted\":\"1:19\"},\"image\":{\"src\":\"https:\/\/esnatu.bizkeliza.org\/wp-includes\/images\/media\/audio.svg\",\"width\":48,\"height\":64},\"thumb\":{\"src\":\"https:\/\/esnatu.bizkeliza.org\/wp-includes\/images\/media\/audio.svg\",\"width\":48,\"height\":64}},{\"src\":\"https:\/\/esnatu.bizkeliza.org\/wp-content\/uploads\/2018\/07\/02-_HEGAN_IGERIAN_KORRIKAN.mp3\",\"type\":\"audio\/mpeg\",\"title\":\"HEGAN IGERIAN KORRIKAN\",\"caption\":\"\",\"description\":\"\\\"02-_HEGAN_IGERIAN_KORRIKAN\\\". G\\u00e9nero: Other.\",\"meta\":{\"genre\":\"Other\",\"length_formatted\":\"0:36\"},\"image\":{\"src\":\"https:\/\/esnatu.bizkeliza.org\/wp-includes\/images\/media\/audio.svg\",\"width\":48,\"height\":64},\"thumb\":{\"src\":\"https:\/\/esnatu.bizkeliza.org\/wp-includes\/images\/media\/audio.svg\",\"width\":48,\"height\":64}},{\"src\":\"https:\/\/esnatu.bizkeliza.org\/wp-content\/uploads\/2018\/07\/03-_DENON_EGILE_JAINKO_AITA.mp3\",\"type\":\"audio\/mpeg\",\"title\":\"DENON EGILE JAINKO AITA\",\"caption\":\"\",\"description\":\"\\\"03-_DENON_EGILE_JAINKO_AITA\\\". G\\u00e9nero: Other.\",\"meta\":{\"genre\":\"Other\",\"length_formatted\":\"0:36\"},\"image\":{\"src\":\"https:\/\/esnatu.bizkeliza.org\/wp-includes\/images\/media\/audio.svg\",\"width\":48,\"height\":64},\"thumb\":{\"src\":\"https:\/\/esnatu.bizkeliza.org\/wp-includes\/images\/media\/audio.svg\",\"width\":48,\"height\":64}},{\"src\":\"https:\/\/esnatu.bizkeliza.org\/wp-content\/uploads\/2018\/07\/03-_JESUSEK_DEI_IKASLEEI.mp3\",\"type\":\"audio\/mpeg\",\"title\":\"JESUSEK DEI IKASLEEI\",\"caption\":\"\",\"description\":\"\\\"03-_JESUSEK_DEI_IKASLEEI\\\".\",\"meta\":{\"length_formatted\":\"1:20\"},\"image\":{\"src\":\"https:\/\/esnatu.bizkeliza.org\/wp-includes\/images\/media\/audio.svg\",\"width\":48,\"height\":64},\"thumb\":{\"src\":\"https:\/\/esnatu.bizkeliza.org\/wp-includes\/images\/media\/audio.svg\",\"width\":48,\"height\":64}},{\"src\":\"https:\/\/esnatu.bizkeliza.org\/wp-content\/uploads\/2018\/07\/04-_ITSUA_BIDE_ERTZEAN.mp3\",\"type\":\"audio\/mpeg\",\"title\":\"ITSUA BIDE ERTZEAN\",\"caption\":\"\",\"description\":\"\\\"04-_ITSUA_BIDE_ERTZEAN\\\".\",\"meta\":{\"length_formatted\":\"1:21\"},\"image\":{\"src\":\"https:\/\/esnatu.bizkeliza.org\/wp-includes\/images\/media\/audio.svg\",\"width\":48,\"height\":64},\"thumb\":{\"src\":\"https:\/\/esnatu.bizkeliza.org\/wp-includes\/images\/media\/audio.svg\",\"width\":48,\"height\":64}},{\"src\":\"https:\/\/esnatu.bizkeliza.org\/wp-content\/uploads\/2018\/07\/04-_ZERTAN_ZABILTZA_ZU.mp3\",\"type\":\"audio\/mpeg\",\"title\":\"ZERTAN ZABILTZA ZU\",\"caption\":\"\",\"description\":\"\\\"04-_ZERTAN_ZABILTZA_ZU\\\". G\\u00e9nero: Other.\",\"meta\":{\"genre\":\"Other\",\"length_formatted\":\"0:35\"},\"image\":{\"src\":\"https:\/\/esnatu.bizkeliza.org\/wp-includes\/images\/media\/audio.svg\",\"width\":48,\"height\":64},\"thumb\":{\"src\":\"https:\/\/esnatu.bizkeliza.org\/wp-includes\/images\/media\/audio.svg\",\"width\":48,\"height\":64}},{\"src\":\"https:\/\/esnatu.bizkeliza.org\/wp-content\/uploads\/2018\/07\/05-_BA_AL_DAKIZU.mp3\",\"type\":\"audio\/mpeg\",\"title\":\"BA AL DAKIZU\",\"caption\":\"\",\"description\":\"\\\"05-_BA_AL_DAKIZU\\\". G\\u00e9nero: Other.\",\"meta\":{\"genre\":\"Other\",\"length_formatted\":\"0:36\"},\"image\":{\"src\":\"https:\/\/esnatu.bizkeliza.org\/wp-includes\/images\/media\/audio.svg\",\"width\":48,\"height\":64},\"thumb\":{\"src\":\"https:\/\/esnatu.bizkeliza.org\/wp-includes\/images\/media\/audio.svg\",\"width\":48,\"height\":64}},{\"src\":\"https:\/\/esnatu.bizkeliza.org\/wp-content\/uploads\/2018\/07\/05-_JESUS_ZAKEOREKIN.mp3\",\"type\":\"audio\/mpeg\",\"title\":\"JESUS ZAKEOREKIN\",\"caption\":\"\",\"description\":\"\\\"05-_JESUS_ZAKEOREKIN\\\".\",\"meta\":{\"length_formatted\":\"1:19\"},\"image\":{\"src\":\"https:\/\/esnatu.bizkeliza.org\/wp-includes\/images\/media\/audio.svg\",\"width\":48,\"height\":64},\"thumb\":{\"src\":\"https:\/\/esnatu.bizkeliza.org\/wp-includes\/images\/media\/audio.svg\",\"width\":48,\"height\":64}},{\"src\":\"https:\/\/esnatu.bizkeliza.org\/wp-content\/uploads\/2018\/07\/06-_JESUSEK_JATEN_EMAN.mp3\",\"type\":\"audio\/mpeg\",\"title\":\"JESUSEK JATEN_EMAN\",\"caption\":\"\",\"description\":\"\\\"06-_JESUSEK_JATEN_EMAN\\\".\",\"meta\":{\"length_formatted\":\"1:19\"},\"image\":{\"src\":\"https:\/\/esnatu.bizkeliza.org\/wp-includes\/images\/media\/audio.svg\",\"width\":48,\"height\":64},\"thumb\":{\"src\":\"https:\/\/esnatu.bizkeliza.org\/wp-includes\/images\/media\/audio.svg\",\"width\":48,\"height\":64}},{\"src\":\"https:\/\/esnatu.bizkeliza.org\/wp-content\/uploads\/2018\/07\/06-_ZATOZTE_BELENA.mp3\",\"type\":\"audio\/mpeg\",\"title\":\"ZATOZTE BELENA\",\"caption\":\"\",\"description\":\"\\\"06-_ZATOZTE_BELENA\\\". G\\u00e9nero: Other.\",\"meta\":{\"genre\":\"Other\",\"length_formatted\":\"0:36\"},\"image\":{\"src\":\"https:\/\/esnatu.bizkeliza.org\/wp-includes\/images\/media\/audio.svg\",\"width\":48,\"height\":64},\"thumb\":{\"src\":\"https:\/\/esnatu.bizkeliza.org\/wp-includes\/images\/media\/audio.svg\",\"width\":48,\"height\":64}},{\"src\":\"https:\/\/esnatu.bizkeliza.org\/wp-content\/uploads\/2018\/07\/07-_GABON_MISTERIOA.mp3\",\"type\":\"audio\/mpeg\",\"title\":\"GABON MISTERIOA\",\"caption\":\"\",\"description\":\"\\\"07-_GABON_MISTERIOA\\\".\",\"meta\":{\"length_formatted\":\"1:25\"},\"image\":{\"src\":\"https:\/\/esnatu.bizkeliza.org\/wp-includes\/images\/media\/audio.svg\",\"width\":48,\"height\":64},\"thumb\":{\"src\":\"https:\/\/esnatu.bizkeliza.org\/wp-includes\/images\/media\/audio.svg\",\"width\":48,\"height\":64}},{\"src\":\"https:\/\/esnatu.bizkeliza.org\/wp-content\/uploads\/2018\/07\/07-_JAINKOA_AITA_EITZEN_DA.mp3\",\"type\":\"audio\/mpeg\",\"title\":\"JAINKOA AITA EITZEN DA\",\"caption\":\"\",\"description\":\"\\\"07-_JAINKOA_AITA_EITZEN_DA\\\". G\\u00e9nero: Other.\",\"meta\":{\"genre\":\"Other\",\"length_formatted\":\"0:19\"},\"image\":{\"src\":\"https:\/\/esnatu.bizkeliza.org\/wp-includes\/images\/media\/audio.svg\",\"width\":48,\"height\":64},\"thumb\":{\"src\":\"https:\/\/esnatu.bizkeliza.org\/wp-includes\/images\/media\/audio.svg\",\"width\":48,\"height\":64}},{\"src\":\"https:\/\/esnatu.bizkeliza.org\/wp-content\/uploads\/2018\/07\/08-_IKASI_TA_HAZI.mp3\",\"type\":\"audio\/mpeg\",\"title\":\"IKASI TA HAZI\",\"caption\":\"\",\"description\":\"\\\"08-_IKASI_TA_HAZI\\\". G\\u00e9nero: Other.\",\"meta\":{\"genre\":\"Other\",\"length_formatted\":\"0:18\"},\"image\":{\"src\":\"https:\/\/esnatu.bizkeliza.org\/wp-includes\/images\/media\/audio.svg\",\"width\":48,\"height\":64},\"thumb\":{\"src\":\"https:\/\/esnatu.bizkeliza.org\/wp-includes\/images\/media\/audio.svg\",\"width\":48,\"height\":64}},{\"src\":\"https:\/\/esnatu.bizkeliza.org\/wp-content\/uploads\/2018\/07\/08-_MAITATU_NIK_BEZALA.mp3\",\"type\":\"audio\/mpeg\",\"title\":\"MAITATU NIK BEZALA\",\"caption\":\"\",\"description\":\"\\\"08-_MAITATU_NIK_BEZALA\\\".\",\"meta\":{\"length_formatted\":\"0:45\"},\"image\":{\"src\":\"https:\/\/esnatu.bizkeliza.org\/wp-includes\/images\/media\/audio.svg\",\"width\":48,\"height\":64},\"thumb\":{\"src\":\"https:\/\/esnatu.bizkeliza.org\/wp-includes\/images\/media\/audio.svg\",\"width\":48,\"height\":64}},{\"src\":\"https:\/\/esnatu.bizkeliza.org\/wp-content\/uploads\/2018\/07\/09-_IKUSTEN_ZAITUT_IKUSTEN_NAUZU.mp3\",\"type\":\"audio\/mpeg\",\"title\":\"IKUSTEN ZAITUT IKUSTEN NAUZU\",\"caption\":\"\",\"description\":\"\\\"09-_IKUSTEN_ZAITUT_IKUSTEN_NAUZU\\\". G\\u00e9nero: Other.\",\"meta\":{\"genre\":\"Other\",\"length_formatted\":\"0:18\"},\"image\":{\"src\":\"https:\/\/esnatu.bizkeliza.org\/wp-includes\/images\/media\/audio.svg\",\"width\":48,\"height\":64},\"thumb\":{\"src\":\"https:\/\/esnatu.bizkeliza.org\/wp-includes\/images\/media\/audio.svg\",\"width\":48,\"height\":64}},{\"src\":\"https:\/\/esnatu.bizkeliza.org\/wp-content\/uploads\/2018\/07\/09-_SAMARIAR_ONA.mp3\",\"type\":\"audio\/mpeg\",\"title\":\"SAMARIAR ONA\",\"caption\":\"\",\"description\":\"\\\"09-_SAMARIAR_ONA\\\". G\\u00e9nero: Other.\",\"meta\":{\"genre\":\"Other\",\"length_formatted\":\"0:31\"},\"image\":{\"src\":\"https:\/\/esnatu.bizkeliza.org\/wp-includes\/images\/media\/audio.svg\",\"width\":48,\"height\":64},\"thumb\":{\"src\":\"https:\/\/esnatu.bizkeliza.org\/wp-includes\/images\/media\/audio.svg\",\"width\":48,\"height\":64}},{\"src\":\"https:\/\/esnatu.bizkeliza.org\/wp-content\/uploads\/2018\/07\/10-_BAI_EDERRAK_HITZAK.mp3\",\"type\":\"audio\/mpeg\",\"title\":\"BAI EDERRAK HITZAK\",\"caption\":\"\",\"description\":\"\\\"10-_BAI_EDERRAK_HITZAK\\\". G\\u00e9nero: Other.\",\"meta\":{\"genre\":\"Other\",\"length_formatted\":\"0:18\"},\"image\":{\"src\":\"https:\/\/esnatu.bizkeliza.org\/wp-includes\/images\/media\/audio.svg\",\"width\":48,\"height\":64},\"thumb\":{\"src\":\"https:\/\/esnatu.bizkeliza.org\/wp-includes\/images\/media\/audio.svg\",\"width\":48,\"height\":64}},{\"src\":\"https:\/\/esnatu.bizkeliza.org\/wp-content\/uploads\/2018\/07\/10-_JESUSEN_ZORION-BIDEA.mp3\",\"type\":\"audio\/mpeg\",\"title\":\"JESUSEN ZORION BIDEA\",\"caption\":\"\",\"description\":\"\\\"10-_JESUSEN_ZORION-BIDEA\\\".\",\"meta\":{\"length_formatted\":\"0:43\"},\"image\":{\"src\":\"https:\/\/esnatu.bizkeliza.org\/wp-includes\/images\/media\/audio.svg\",\"width\":48,\"height\":64},\"thumb\":{\"src\":\"https:\/\/esnatu.bizkeliza.org\/wp-includes\/images\/media\/audio.svg\",\"width\":48,\"height\":64}},{\"src\":\"https:\/\/esnatu.bizkeliza.org\/wp-content\/uploads\/2018\/07\/11-_JESUS_HIL_EGITEN_DA.mp3\",\"type\":\"audio\/mpeg\",\"title\":\"JESUS HIL EGITEN DA\",\"caption\":\"\",\"description\":\"\\\"11-_JESUS_HIL_EGITEN_DA\\\".\",\"meta\":{\"length_formatted\":\"0:31\"},\"image\":{\"src\":\"https:\/\/esnatu.bizkeliza.org\/wp-includes\/images\/media\/audio.svg\",\"width\":48,\"height\":64},\"thumb\":{\"src\":\"https:\/\/esnatu.bizkeliza.org\/wp-includes\/images\/media\/audio.svg\",\"width\":48,\"height\":64}},{\"src\":\"https:\/\/esnatu.bizkeliza.org\/wp-content\/uploads\/2018\/07\/11-_PASTELA_ETA_LARROSA.mp3\",\"type\":\"audio\/mpeg\",\"title\":\"PASTELA ETA LARROSA\",\"caption\":\"\",\"description\":\"\\\"11-_PASTELA_ETA_LARROSA\\\". G\\u00e9nero: Other.\",\"meta\":{\"genre\":\"Other\",\"length_formatted\":\"0:19\"},\"image\":{\"src\":\"https:\/\/esnatu.bizkeliza.org\/wp-includes\/images\/media\/audio.svg\",\"width\":48,\"height\":64},\"thumb\":{\"src\":\"https:\/\/esnatu.bizkeliza.org\/wp-includes\/images\/media\/audio.svg\",\"width\":48,\"height\":64}},{\"src\":\"https:\/\/esnatu.bizkeliza.org\/wp-content\/uploads\/2018\/07\/12-_GURE_ESKUAK.mp3\",\"type\":\"audio\/mpeg\",\"title\":\"GURE ESKUAK\",\"caption\":\"\",\"description\":\"\\\"12-_GURE_ESKUAK\\\". G\\u00e9nero: Other.\",\"meta\":{\"genre\":\"Other\",\"length_formatted\":\"0:18\"},\"image\":{\"src\":\"https:\/\/esnatu.bizkeliza.org\/wp-includes\/images\/media\/audio.svg\",\"width\":48,\"height\":64},\"thumb\":{\"src\":\"https:\/\/esnatu.bizkeliza.org\/wp-includes\/images\/media\/audio.svg\",\"width\":48,\"height\":64}},{\"src\":\"https:\/\/esnatu.bizkeliza.org\/wp-content\/uploads\/2018\/07\/12-_JESUS_PIZTU_EGINA_DA.mp3\",\"type\":\"audio\/mpeg\",\"title\":\"JESUS PIZTU EGINA DA\",\"caption\":\"\",\"description\":\"\\\"12-_JESUS_PIZTU_EGINA_DA\\\".\",\"meta\":{\"length_formatted\":\"0:32\"},\"image\":{\"src\":\"https:\/\/esnatu.bizkeliza.org\/wp-includes\/images\/media\/audio.svg\",\"width\":48,\"height\":64},\"thumb\":{\"src\":\"https:\/\/esnatu.bizkeliza.org\/wp-includes\/images\/media\/audio.svg\",\"width\":48,\"height\":64}},{\"src\":\"https:\/\/esnatu.bizkeliza.org\/wp-content\/uploads\/2018\/07\/13-_BETI_GUREKIN.mp3\",\"type\":\"audio\/mpeg\",\"title\":\"BETI GUREKIN\",\"caption\":\"\",\"description\":\"\\\"13-_BETI_GUREKIN\\\". G\\u00e9nero: Other.\",\"meta\":{\"genre\":\"Other\",\"length_formatted\":\"0:18\"},\"image\":{\"src\":\"https:\/\/esnatu.bizkeliza.org\/wp-includes\/images\/media\/audio.svg\",\"width\":48,\"height\":64},\"thumb\":{\"src\":\"https:\/\/esnatu.bizkeliza.org\/wp-includes\/images\/media\/audio.svg\",\"width\":48,\"height\":64}},{\"src\":\"https:\/\/esnatu.bizkeliza.org\/wp-content\/uploads\/2018\/07\/13-_JESUSEN_ESPIRITUA.mp3\",\"type\":\"audio\/mpeg\",\"title\":\"JESUSEN ESPIRITUA\",\"caption\":\"\",\"description\":\"\\\"13-_JESUSEN_ESPIRITUA\\\".\",\"meta\":{\"length_formatted\":\"0:28\"},\"image\":{\"src\":\"https:\/\/esnatu.bizkeliza.org\/wp-includes\/images\/media\/audio.svg\",\"width\":48,\"height\":64},\"thumb\":{\"src\":\"https:\/\/esnatu.bizkeliza.org\/wp-includes\/images\/media\/audio.svg\",\"width\":48,\"height\":64}},{\"src\":\"https:\/\/esnatu.bizkeliza.org\/wp-content\/uploads\/2018\/07\/14-_JESUSEK_APOSTULUAK_BIDALTZEN.mp3\",\"type\":\"audio\/mpeg\",\"title\":\"JESUSEK APOSTULUAK BIDALTZEN\",\"caption\":\"\",\"description\":\"\\\"14-_JESUSEK_APOSTULUAK_BIDALTZEN\\\".\",\"meta\":{\"length_formatted\":\"0:28\"},\"image\":{\"src\":\"https:\/\/esnatu.bizkeliza.org\/wp-includes\/images\/media\/audio.svg\",\"width\":48,\"height\":64},\"thumb\":{\"src\":\"https:\/\/esnatu.bizkeliza.org\/wp-includes\/images\/media\/audio.svg\",\"width\":48,\"height\":64}},{\"src\":\"https:\/\/esnatu.bizkeliza.org\/wp-content\/uploads\/2018\/07\/14-_PAZKO_JAIA.mp3\",\"type\":\"audio\/mpeg\",\"title\":\"PAZKO JAIA\",\"caption\":\"\",\"description\":\"\\\"14-_PAZKO_JAIA\\\".\",\"meta\":{\"length_formatted\":\"0:24\"},\"image\":{\"src\":\"https:\/\/esnatu.bizkeliza.org\/wp-includes\/images\/media\/audio.svg\",\"width\":48,\"height\":64},\"thumb\":{\"src\":\"https:\/\/esnatu.bizkeliza.org\/wp-includes\/images\/media\/audio.svg\",\"width\":48,\"height\":64}},{\"src\":\"https:\/\/esnatu.bizkeliza.org\/wp-content\/uploads\/2018\/07\/15-_IGANDERA_KORRIKA.mp3\",\"type\":\"audio\/mpeg\",\"title\":\"IGANDERA KORRIKA\",\"caption\":\"\",\"description\":\"\\\"15-_IGANDERA_KORRIKA\\\".\",\"meta\":{\"length_formatted\":\"0:24\"},\"image\":{\"src\":\"https:\/\/esnatu.bizkeliza.org\/wp-includes\/images\/media\/audio.svg\",\"width\":48,\"height\":64},\"thumb\":{\"src\":\"https:\/\/esnatu.bizkeliza.org\/wp-includes\/images\/media\/audio.svg\",\"width\":48,\"height\":64}},{\"src\":\"https:\/\/esnatu.bizkeliza.org\/wp-content\/uploads\/2018\/07\/15-_JESUS_GAUR_ERE_GUREKIN.mp3\",\"type\":\"audio\/mpeg\",\"title\":\"JESUS GAUR ERE GUREKIN\",\"caption\":\"\",\"description\":\"\\\"15-_JESUS_GAUR_ERE_GUREKIN\\\".\",\"meta\":{\"length_formatted\":\"0:28\"},\"image\":{\"src\":\"https:\/\/esnatu.bizkeliza.org\/wp-includes\/images\/media\/audio.svg\",\"width\":48,\"height\":64},\"thumb\":{\"src\":\"https:\/\/esnatu.bizkeliza.org\/wp-includes\/images\/media\/audio.svg\",\"width\":48,\"height\":64}},{\"src\":\"https:\/\/esnatu.bizkeliza.org\/wp-content\/uploads\/2018\/07\/16-_AMAREN_JAIA.mp3\",\"type\":\"audio\/mpeg\",\"title\":\"AMAREN JAIA\",\"caption\":\"\",\"description\":\"\\\"16-_AMAREN_JAIA\\\".\",\"meta\":{\"length_formatted\":\"0:24\"},\"image\":{\"src\":\"https:\/\/esnatu.bizkeliza.org\/wp-includes\/images\/media\/audio.svg\",\"width\":48,\"height\":64},\"thumb\":{\"src\":\"https:\/\/esnatu.bizkeliza.org\/wp-includes\/images\/media\/audio.svg\",\"width\":48,\"height\":64}},{\"src\":\"https:\/\/esnatu.bizkeliza.org\/wp-content\/uploads\/2018\/07\/17-_BETIKO_JAIA.mp3\",\"type\":\"audio\/mpeg\",\"title\":\"BETIKO JAIA\",\"caption\":\"\",\"description\":\"\\\"17-_BETIKO_JAIA\\\".\",\"meta\":{\"length_formatted\":\"0:24\"},\"image\":{\"src\":\"https:\/\/esnatu.bizkeliza.org\/wp-includes\/images\/media\/audio.svg\",\"width\":48,\"height\":64},\"thumb\":{\"src\":\"https:\/\/esnatu.bizkeliza.org\/wp-includes\/images\/media\/audio.svg\",\"width\":48,\"height\":64}}]}<\/script>\n<\/div>\n\t\n[\/vc_column_text][vc_row_inner column_margin=&#8221;default&#8221; column_direction=&#8221;default&#8221; column_direction_tablet=&#8221;default&#8221; column_direction_phone=&#8221;default&#8221; text_align=&#8221;left&#8221;][vc_column_inner column_padding=&#8221;no-extra-padding&#8221; column_padding_tablet=&#8221;inherit&#8221; column_padding_phone=&#8221;inherit&#8221; column_padding_position=&#8221;all&#8221; column_element_spacing=&#8221;default&#8221; background_color_opacity=&#8221;1&#8243; background_hover_color_opacity=&#8221;1&#8243; column_shadow=&#8221;none&#8221; column_border_radius=&#8221;none&#8221; column_link_target=&#8221;_self&#8221; gradient_direction=&#8221;left_to_right&#8221; overlay_strength=&#8221;0.3&#8243; width=&#8221;1\/1&#8243; tablet_width_inherit=&#8221;default&#8221; bg_image_animation=&#8221;none&#8221; border_type=&#8221;simple&#8221; column_border_width=&#8221;none&#8221; column_border_style=&#8221;solid&#8221;][vc_column_text]\n<h2 style=\"text-align: center;\"><span style=\"color: #1b1464;\">Abestiak gaztelaniaz<\/span><\/h2>\n[\/vc_column_text][\/vc_column_inner][\/vc_row_inner][vc_row_inner equal_height=&#8221;yes&#8221; column_margin=&#8221;default&#8221; column_direction=&#8221;default&#8221; column_direction_tablet=&#8221;default&#8221; column_direction_phone=&#8221;default&#8221; text_align=&#8221;left&#8221; css=&#8221;.vc_custom_1526391407734{border-radius: 20px !important;}&#8221;][vc_column_inner column_padding=&#8221;no-extra-padding&#8221; column_padding_tablet=&#8221;inherit&#8221; column_padding_phone=&#8221;inherit&#8221; column_padding_position=&#8221;all&#8221; column_element_spacing=&#8221;default&#8221; background_color_opacity=&#8221;1&#8243; background_hover_color_opacity=&#8221;1&#8243; column_shadow=&#8221;none&#8221; column_border_radius=&#8221;none&#8221; column_link_target=&#8221;_self&#8221; gradient_direction=&#8221;left_to_right&#8221; overlay_strength=&#8221;0.3&#8243; width=&#8221;1\/1&#8243; tablet_width_inherit=&#8221;default&#8221; bg_image_animation=&#8221;none&#8221; border_type=&#8221;simple&#8221; column_border_width=&#8221;none&#8221; column_border_style=&#8221;solid&#8221;][vc_column_text]\n<div class=\"wp-playlist wp-audio-playlist wp-playlist-light\">\n\t\t\t<div class=\"wp-playlist-current-item\"><\/div>\n\t\t<audio controls=\"controls\" preload=\"none\" width=\"1058\"\n\t\t\t><\/audio>\n\t<div class=\"wp-playlist-next\"><\/div>\n\t<div class=\"wp-playlist-prev\"><\/div>\n\t<noscript>\n\t<ol>\n\t\t<li><a href='https:\/\/esnatu.bizkeliza.org\/wp-content\/uploads\/2018\/07\/01-_QUIEN_LO_HIZO.mp3'>QUIEN LO HIZO<\/a><\/li><li><a href='https:\/\/esnatu.bizkeliza.org\/wp-content\/uploads\/2018\/07\/01-_VEN_Y_LO_VERAS.mp3'>VEN Y LO VERAS<\/a><\/li><li><a href='https:\/\/esnatu.bizkeliza.org\/wp-content\/uploads\/2018\/07\/02-_JESUS_DE_NAZARET.mp3'>JESUS DE NAZARET<\/a><\/li><li><a href='https:\/\/esnatu.bizkeliza.org\/wp-content\/uploads\/2018\/07\/02-_VOLANDO_NADANDO_CORRIENDO.mp3'>VOLANDO NADANDO CORRIENDO<\/a><\/li><li><a href='https:\/\/esnatu.bizkeliza.org\/wp-content\/uploads\/2018\/07\/03-_A_TODOS_NOS_CREO_EL_PADRE_DIOS.mp3'>A TODOS NOS CREO EL PADRE DIOS<\/a><\/li><li><a href='https:\/\/esnatu.bizkeliza.org\/wp-content\/uploads\/2018\/07\/03-_JESUS_LLAMA_A_SUS_DISCIPULOS.mp3'>JES\u00daS LLAMA A SUS DISC\u00cdPULOS<\/a><\/li><li><a href='https:\/\/esnatu.bizkeliza.org\/wp-content\/uploads\/2018\/07\/04-_DIME_QUE_HACES_TU.mp3'>DIME QUE HACES TU<\/a><\/li><li><a href='https:\/\/esnatu.bizkeliza.org\/wp-content\/uploads\/2018\/07\/04-_UN_CIEGO_AL_BORDE_DEL_CAMINO.mp3'>UN CIEGO AL BORDE DEL CAMINO<\/a><\/li><li><a href='https:\/\/esnatu.bizkeliza.org\/wp-content\/uploads\/2018\/07\/05-_JESUS_SE_ENCUENTRA_CON_ZAQUEO.mp3'>JES\u00daS SE ENCUENTRA CON ZAQUEO<\/a><\/li><li><a href='https:\/\/esnatu.bizkeliza.org\/wp-content\/uploads\/2018\/07\/05-_TE_HAS_ENTERADO_TU.mp3'>TE HAS ENTERADO TU<\/a><\/li><li><a href='https:\/\/esnatu.bizkeliza.org\/wp-content\/uploads\/2018\/07\/06-_JESUS_DA_DE_COMER_A_LA_GENTE.mp3'>JES\u00daS DA DE COMER A LA GENTE<\/a><\/li><li><a href='https:\/\/esnatu.bizkeliza.org\/wp-content\/uploads\/2018\/07\/06-_VENID_A_BELEN.mp3'>VENID A BELEN<\/a><\/li><li><a href='https:\/\/esnatu.bizkeliza.org\/wp-content\/uploads\/2018\/07\/07-_DIOS_SE_LLAMA_PADRE.mp3'>DIOS SE LLAMA PADRE<\/a><\/li><li><a href='https:\/\/esnatu.bizkeliza.org\/wp-content\/uploads\/2018\/07\/07-_VILLANCICO-NAVIDAD.mp3'>VILLANCICO NAVIDAD<\/a><\/li><li><a href='https:\/\/esnatu.bizkeliza.org\/wp-content\/uploads\/2018\/07\/08-_AMAOS_COMO_YO_OS_HE_AMADO.mp3'>AMAOS COMO YO OS HE AMADO<\/a><\/li><li><a href='https:\/\/esnatu.bizkeliza.org\/wp-content\/uploads\/2018\/07\/08-_CRECER_Y_APRENDER.mp3'>CRECER Y APRENDER<\/a><\/li><li><a href='https:\/\/esnatu.bizkeliza.org\/wp-content\/uploads\/2018\/07\/09-_EL_BUEN_SAMARITANO.mp3'>EL BUEN SAMARITANO<\/a><\/li><li><a href='https:\/\/esnatu.bizkeliza.org\/wp-content\/uploads\/2018\/07\/09-_TE_VEO_Y_ME_VES.mp3'>TE VEO Y ME VES<\/a><\/li><li><a href='https:\/\/esnatu.bizkeliza.org\/wp-content\/uploads\/2018\/07\/10-_JESUS_NOS_ENSENA_A_SER_FELICES.mp3'>JES\u00daS NOS ENSE\u00d1A A SER FELICES<\/a><\/li><li><a href='https:\/\/esnatu.bizkeliza.org\/wp-content\/uploads\/2018\/07\/10-_QUE_BONITAS_LAS_PALABRAS.mp3'>QUE BONITAS LAS PALABRAS<\/a><\/li><li><a href='https:\/\/esnatu.bizkeliza.org\/wp-content\/uploads\/2018\/07\/11-_EL_PASTEL_Y_LA_ROSA.mp3'>EL PASTEL Y LA ROSA<\/a><\/li><li><a href='https:\/\/esnatu.bizkeliza.org\/wp-content\/uploads\/2018\/07\/11-_JESUS_MUERE_POR_NOSOTROS.mp3'>JES\u00daS MUERE POR NOSOTROS<\/a><\/li><li><a href='https:\/\/esnatu.bizkeliza.org\/wp-content\/uploads\/2018\/07\/12-_CON_NUESTRAS_MANOS.mp3'>CON NUESTRAS MANOS<\/a><\/li><li><a href='https:\/\/esnatu.bizkeliza.org\/wp-content\/uploads\/2018\/07\/12-_JESUS_HA_RESUCITADO.mp3'>JES\u00daS HA RESUCITADO<\/a><\/li><li><a href='https:\/\/esnatu.bizkeliza.org\/wp-content\/uploads\/2018\/07\/13-_EL_ESPIRITU_DE_JESUS.mp3'>EL ESPIRITU DE JESUS<\/a><\/li><li><a href='https:\/\/esnatu.bizkeliza.org\/wp-content\/uploads\/2018\/07\/13-_SIEMPRE_CON_NOSOTROS.mp3'>SIEMPRE CON NOSOTROS<\/a><\/li><li><a href='https:\/\/esnatu.bizkeliza.org\/wp-content\/uploads\/2018\/07\/14-_JESUS_ENVIA_A_LOS_APOSTOLES.mp3'>JES\u00daS ENVIA A LOS AP\u00d3STOLES<\/a><\/li><li><a href='https:\/\/esnatu.bizkeliza.org\/wp-content\/uploads\/2018\/07\/14-_LA_FIESTA_DE_PASCUA.mp3'>LA FIESTA DE PASCUA<\/a><\/li><li><a href='https:\/\/esnatu.bizkeliza.org\/wp-content\/uploads\/2018\/07\/15-_CORREN_HACIA_EL_DOMINGO.mp3'>CORREN HACIA EL DOMINGO<\/a><\/li><li><a href='https:\/\/esnatu.bizkeliza.org\/wp-content\/uploads\/2018\/07\/15-_JESUS_SIGUE_CON_NOSOTROS.mp3'>JES\u00daS SIGUE CON NOSOTROS<\/a><\/li><li><a href='https:\/\/esnatu.bizkeliza.org\/wp-content\/uploads\/2018\/07\/16-_LA_FIESTA_DE_LA_MADRE.mp3'>LA FIESTA DE LA MADRE<\/a><\/li><li><a href='https:\/\/esnatu.bizkeliza.org\/wp-content\/uploads\/2018\/07\/17-_UNA_FIESTA_SIN_FIN.mp3'>UNA FIESTA SIN FIN<\/a><\/li><li><a href='https:\/\/esnatu.bizkeliza.org\/wp-content\/uploads\/2018\/09\/Todas-la-mananas.mp3'>TODAS LAS MA\u00d1ANAS<\/a><\/li><li><a href='https:\/\/esnatu.bizkeliza.org\/wp-content\/uploads\/2018\/09\/Si-quieres-ser-feliz....mp3'>SI QUIERES SER FELIZ<\/a><\/li><li><a href='https:\/\/esnatu.bizkeliza.org\/wp-content\/uploads\/2018\/09\/Senora-Maria-de-Nazaret.mp3'>SE\u00d1ORA MAR\u00cdA DE NAZARET<\/a><\/li><li><a href='https:\/\/esnatu.bizkeliza.org\/wp-content\/uploads\/2018\/09\/En-este-dia-de-Fiesta.mp3'>EN ESTE D\u00cdA DE FIESTA<\/a><\/li><li><a href='https:\/\/esnatu.bizkeliza.org\/wp-content\/uploads\/2018\/09\/Beti-Argi.mp3'>BETI ARGI<\/a><\/li><li><a href='https:\/\/esnatu.bizkeliza.org\/wp-content\/uploads\/2018\/09\/Aita-Dios.mp3'>AITA DIOS<\/a><\/li>\t<\/ol>\n\t<\/noscript>\n\t<script type=\"application\/json\" class=\"wp-playlist-script\">{\"type\":\"audio\",\"tracklist\":true,\"tracknumbers\":true,\"images\":false,\"artists\":false,\"tracks\":[{\"src\":\"https:\/\/esnatu.bizkeliza.org\/wp-content\/uploads\/2018\/07\/01-_QUIEN_LO_HIZO.mp3\",\"type\":\"audio\/mpeg\",\"title\":\"QUIEN LO HIZO\",\"caption\":\"\",\"description\":\"\\\"QUIEN LO HIZO\\\" en 01. G\\u00e9nero: Other.\",\"meta\":{\"genre\":\"Other\",\"length_formatted\":\"0:36\"},\"image\":{\"src\":\"https:\/\/esnatu.bizkeliza.org\/wp-includes\/images\/media\/audio.svg\",\"width\":48,\"height\":64},\"thumb\":{\"src\":\"https:\/\/esnatu.bizkeliza.org\/wp-includes\/images\/media\/audio.svg\",\"width\":48,\"height\":64}},{\"src\":\"https:\/\/esnatu.bizkeliza.org\/wp-content\/uploads\/2018\/07\/01-_VEN_Y_LO_VERAS.mp3\",\"type\":\"audio\/mpeg\",\"title\":\"VEN Y LO VERAS\",\"caption\":\"\",\"description\":\"\\\"01-_VEN_Y_LO_VERAS\\\".\",\"meta\":{\"length_formatted\":\"1:05\"},\"image\":{\"src\":\"https:\/\/esnatu.bizkeliza.org\/wp-includes\/images\/media\/audio.svg\",\"width\":48,\"height\":64},\"thumb\":{\"src\":\"https:\/\/esnatu.bizkeliza.org\/wp-includes\/images\/media\/audio.svg\",\"width\":48,\"height\":64}},{\"src\":\"https:\/\/esnatu.bizkeliza.org\/wp-content\/uploads\/2018\/07\/02-_JESUS_DE_NAZARET.mp3\",\"type\":\"audio\/mpeg\",\"title\":\"JESUS DE NAZARET\",\"caption\":\"\",\"description\":\"\\\"02-_JESUS_DE_NAZARET\\\".\",\"meta\":{\"length_formatted\":\"1:16\"},\"image\":{\"src\":\"https:\/\/esnatu.bizkeliza.org\/wp-includes\/images\/media\/audio.svg\",\"width\":48,\"height\":64},\"thumb\":{\"src\":\"https:\/\/esnatu.bizkeliza.org\/wp-includes\/images\/media\/audio.svg\",\"width\":48,\"height\":64}},{\"src\":\"https:\/\/esnatu.bizkeliza.org\/wp-content\/uploads\/2018\/07\/02-_VOLANDO_NADANDO_CORRIENDO.mp3\",\"type\":\"audio\/mpeg\",\"title\":\"VOLANDO NADANDO CORRIENDO\",\"caption\":\"\",\"description\":\"\\\"02-_VOLANDO_NADANDO_CORRIENDO\\\". G\\u00e9nero: Other.\",\"meta\":{\"genre\":\"Other\",\"length_formatted\":\"0:35\"},\"image\":{\"src\":\"https:\/\/esnatu.bizkeliza.org\/wp-includes\/images\/media\/audio.svg\",\"width\":48,\"height\":64},\"thumb\":{\"src\":\"https:\/\/esnatu.bizkeliza.org\/wp-includes\/images\/media\/audio.svg\",\"width\":48,\"height\":64}},{\"src\":\"https:\/\/esnatu.bizkeliza.org\/wp-content\/uploads\/2018\/07\/03-_A_TODOS_NOS_CREO_EL_PADRE_DIOS.mp3\",\"type\":\"audio\/mpeg\",\"title\":\"A TODOS NOS CREO EL PADRE DIOS\",\"caption\":\"\",\"description\":\"\\\"03-_A_TODOS_NOS_CREO_EL_PADRE_DIOS\\\". G\\u00e9nero: Other.\",\"meta\":{\"genre\":\"Other\",\"length_formatted\":\"0:37\"},\"image\":{\"src\":\"https:\/\/esnatu.bizkeliza.org\/wp-includes\/images\/media\/audio.svg\",\"width\":48,\"height\":64},\"thumb\":{\"src\":\"https:\/\/esnatu.bizkeliza.org\/wp-includes\/images\/media\/audio.svg\",\"width\":48,\"height\":64}},{\"src\":\"https:\/\/esnatu.bizkeliza.org\/wp-content\/uploads\/2018\/07\/03-_JESUS_LLAMA_A_SUS_DISCIPULOS.mp3\",\"type\":\"audio\/mpeg\",\"title\":\"JES\\u00daS LLAMA A SUS DISC\\u00cdPULOS\",\"caption\":\"\",\"description\":\"\\\"03-_JESUS_LLAMA_A_SUS_DISCIPULOS\\\".\",\"meta\":{\"length_formatted\":\"1:16\"},\"image\":{\"src\":\"https:\/\/esnatu.bizkeliza.org\/wp-includes\/images\/media\/audio.svg\",\"width\":48,\"height\":64},\"thumb\":{\"src\":\"https:\/\/esnatu.bizkeliza.org\/wp-includes\/images\/media\/audio.svg\",\"width\":48,\"height\":64}},{\"src\":\"https:\/\/esnatu.bizkeliza.org\/wp-content\/uploads\/2018\/07\/04-_DIME_QUE_HACES_TU.mp3\",\"type\":\"audio\/mpeg\",\"title\":\"DIME QUE HACES TU\",\"caption\":\"\",\"description\":\"\\\"04-_DIME_QUE_HACES_TU\\\". G\\u00e9nero: Other.\",\"meta\":{\"genre\":\"Other\",\"length_formatted\":\"0:35\"},\"image\":{\"src\":\"https:\/\/esnatu.bizkeliza.org\/wp-includes\/images\/media\/audio.svg\",\"width\":48,\"height\":64},\"thumb\":{\"src\":\"https:\/\/esnatu.bizkeliza.org\/wp-includes\/images\/media\/audio.svg\",\"width\":48,\"height\":64}},{\"src\":\"https:\/\/esnatu.bizkeliza.org\/wp-content\/uploads\/2018\/07\/04-_UN_CIEGO_AL_BORDE_DEL_CAMINO.mp3\",\"type\":\"audio\/mpeg\",\"title\":\"UN CIEGO AL BORDE DEL CAMINO\",\"caption\":\"\",\"description\":\"\\\"04-_UN_CIEGO_AL_BORDE_DEL_CAMINO\\\".\",\"meta\":{\"length_formatted\":\"1:17\"},\"image\":{\"src\":\"https:\/\/esnatu.bizkeliza.org\/wp-includes\/images\/media\/audio.svg\",\"width\":48,\"height\":64},\"thumb\":{\"src\":\"https:\/\/esnatu.bizkeliza.org\/wp-includes\/images\/media\/audio.svg\",\"width\":48,\"height\":64}},{\"src\":\"https:\/\/esnatu.bizkeliza.org\/wp-content\/uploads\/2018\/07\/05-_JESUS_SE_ENCUENTRA_CON_ZAQUEO.mp3\",\"type\":\"audio\/mpeg\",\"title\":\"JES\\u00daS SE ENCUENTRA CON ZAQUEO\",\"caption\":\"\",\"description\":\"\\\"05-_JESUS_SE_ENCUENTRA_CON_ZAQUEO\\\".\",\"meta\":{\"length_formatted\":\"1:17\"},\"image\":{\"src\":\"https:\/\/esnatu.bizkeliza.org\/wp-includes\/images\/media\/audio.svg\",\"width\":48,\"height\":64},\"thumb\":{\"src\":\"https:\/\/esnatu.bizkeliza.org\/wp-includes\/images\/media\/audio.svg\",\"width\":48,\"height\":64}},{\"src\":\"https:\/\/esnatu.bizkeliza.org\/wp-content\/uploads\/2018\/07\/05-_TE_HAS_ENTERADO_TU.mp3\",\"type\":\"audio\/mpeg\",\"title\":\"TE HAS ENTERADO TU\",\"caption\":\"\",\"description\":\"\\\"05-_TE_HAS_ENTERADO_TU\\\". G\\u00e9nero: Other.\",\"meta\":{\"genre\":\"Other\",\"length_formatted\":\"0:35\"},\"image\":{\"src\":\"https:\/\/esnatu.bizkeliza.org\/wp-includes\/images\/media\/audio.svg\",\"width\":48,\"height\":64},\"thumb\":{\"src\":\"https:\/\/esnatu.bizkeliza.org\/wp-includes\/images\/media\/audio.svg\",\"width\":48,\"height\":64}},{\"src\":\"https:\/\/esnatu.bizkeliza.org\/wp-content\/uploads\/2018\/07\/06-_JESUS_DA_DE_COMER_A_LA_GENTE.mp3\",\"type\":\"audio\/mpeg\",\"title\":\"JES\\u00daS DA DE COMER A LA GENTE\",\"caption\":\"\",\"description\":\"\\\"06-_JESUS_DA_DE_COMER_A_LA_GENTE\\\".\",\"meta\":{\"length_formatted\":\"1:17\"},\"image\":{\"src\":\"https:\/\/esnatu.bizkeliza.org\/wp-includes\/images\/media\/audio.svg\",\"width\":48,\"height\":64},\"thumb\":{\"src\":\"https:\/\/esnatu.bizkeliza.org\/wp-includes\/images\/media\/audio.svg\",\"width\":48,\"height\":64}},{\"src\":\"https:\/\/esnatu.bizkeliza.org\/wp-content\/uploads\/2018\/07\/06-_VENID_A_BELEN.mp3\",\"type\":\"audio\/mpeg\",\"title\":\"VENID A BELEN\",\"caption\":\"\",\"description\":\"\\\"06-_VENID_A_BELEN\\\". G\\u00e9nero: Other.\",\"meta\":{\"genre\":\"Other\",\"length_formatted\":\"0:35\"},\"image\":{\"src\":\"https:\/\/esnatu.bizkeliza.org\/wp-includes\/images\/media\/audio.svg\",\"width\":48,\"height\":64},\"thumb\":{\"src\":\"https:\/\/esnatu.bizkeliza.org\/wp-includes\/images\/media\/audio.svg\",\"width\":48,\"height\":64}},{\"src\":\"https:\/\/esnatu.bizkeliza.org\/wp-content\/uploads\/2018\/07\/07-_DIOS_SE_LLAMA_PADRE.mp3\",\"type\":\"audio\/mpeg\",\"title\":\"DIOS SE LLAMA PADRE\",\"caption\":\"\",\"description\":\"\\\"07-_DIOS_SE_LLAMA_PADRE\\\". G\\u00e9nero: Other.\",\"meta\":{\"genre\":\"Other\",\"length_formatted\":\"0:19\"},\"image\":{\"src\":\"https:\/\/esnatu.bizkeliza.org\/wp-includes\/images\/media\/audio.svg\",\"width\":48,\"height\":64},\"thumb\":{\"src\":\"https:\/\/esnatu.bizkeliza.org\/wp-includes\/images\/media\/audio.svg\",\"width\":48,\"height\":64}},{\"src\":\"https:\/\/esnatu.bizkeliza.org\/wp-content\/uploads\/2018\/07\/07-_VILLANCICO-NAVIDAD.mp3\",\"type\":\"audio\/mpeg\",\"title\":\"VILLANCICO NAVIDAD\",\"caption\":\"\",\"description\":\"\\\"07-_VILLANCICO-NAVIDAD\\\".\",\"meta\":{\"length_formatted\":\"1:26\"},\"image\":{\"src\":\"https:\/\/esnatu.bizkeliza.org\/wp-includes\/images\/media\/audio.svg\",\"width\":48,\"height\":64},\"thumb\":{\"src\":\"https:\/\/esnatu.bizkeliza.org\/wp-includes\/images\/media\/audio.svg\",\"width\":48,\"height\":64}},{\"src\":\"https:\/\/esnatu.bizkeliza.org\/wp-content\/uploads\/2018\/07\/08-_AMAOS_COMO_YO_OS_HE_AMADO.mp3\",\"type\":\"audio\/mpeg\",\"title\":\"AMAOS COMO YO OS HE AMADO\",\"caption\":\"\",\"description\":\"\\\"08-_AMAOS_COMO_YO_OS_HE_AMADO\\\".\",\"meta\":{\"length_formatted\":\"0:30\"},\"image\":{\"src\":\"https:\/\/esnatu.bizkeliza.org\/wp-includes\/images\/media\/audio.svg\",\"width\":48,\"height\":64},\"thumb\":{\"src\":\"https:\/\/esnatu.bizkeliza.org\/wp-includes\/images\/media\/audio.svg\",\"width\":48,\"height\":64}},{\"src\":\"https:\/\/esnatu.bizkeliza.org\/wp-content\/uploads\/2018\/07\/08-_CRECER_Y_APRENDER.mp3\",\"type\":\"audio\/mpeg\",\"title\":\"CRECER Y APRENDER\",\"caption\":\"\",\"description\":\"\\\"08-_CRECER_Y_APRENDER\\\". G\\u00e9nero: Other.\",\"meta\":{\"genre\":\"Other\",\"length_formatted\":\"0:18\"},\"image\":{\"src\":\"https:\/\/esnatu.bizkeliza.org\/wp-includes\/images\/media\/audio.svg\",\"width\":48,\"height\":64},\"thumb\":{\"src\":\"https:\/\/esnatu.bizkeliza.org\/wp-includes\/images\/media\/audio.svg\",\"width\":48,\"height\":64}},{\"src\":\"https:\/\/esnatu.bizkeliza.org\/wp-content\/uploads\/2018\/07\/09-_EL_BUEN_SAMARITANO.mp3\",\"type\":\"audio\/mpeg\",\"title\":\"EL BUEN SAMARITANO\",\"caption\":\"\",\"description\":\"\\\"09-_EL_BUEN_SAMARITANO\\\".\",\"meta\":{\"length_formatted\":\"0:42\"},\"image\":{\"src\":\"https:\/\/esnatu.bizkeliza.org\/wp-includes\/images\/media\/audio.svg\",\"width\":48,\"height\":64},\"thumb\":{\"src\":\"https:\/\/esnatu.bizkeliza.org\/wp-includes\/images\/media\/audio.svg\",\"width\":48,\"height\":64}},{\"src\":\"https:\/\/esnatu.bizkeliza.org\/wp-content\/uploads\/2018\/07\/09-_TE_VEO_Y_ME_VES.mp3\",\"type\":\"audio\/mpeg\",\"title\":\"TE VEO Y ME VES\",\"caption\":\"\",\"description\":\"\\\"09-_TE_VEO_Y_ME_VES\\\". G\\u00e9nero: Other.\",\"meta\":{\"genre\":\"Other\",\"length_formatted\":\"0:19\"},\"image\":{\"src\":\"https:\/\/esnatu.bizkeliza.org\/wp-includes\/images\/media\/audio.svg\",\"width\":48,\"height\":64},\"thumb\":{\"src\":\"https:\/\/esnatu.bizkeliza.org\/wp-includes\/images\/media\/audio.svg\",\"width\":48,\"height\":64}},{\"src\":\"https:\/\/esnatu.bizkeliza.org\/wp-content\/uploads\/2018\/07\/10-_JESUS_NOS_ENSENA_A_SER_FELICES.mp3\",\"type\":\"audio\/mpeg\",\"title\":\"JES\\u00daS NOS ENSE\\u00d1A A SER FELICES\",\"caption\":\"\",\"description\":\"\\\"10-_JESUS_NOS_ENSENA_A_SER_FELICES\\\".\",\"meta\":{\"length_formatted\":\"0:43\"},\"image\":{\"src\":\"https:\/\/esnatu.bizkeliza.org\/wp-includes\/images\/media\/audio.svg\",\"width\":48,\"height\":64},\"thumb\":{\"src\":\"https:\/\/esnatu.bizkeliza.org\/wp-includes\/images\/media\/audio.svg\",\"width\":48,\"height\":64}},{\"src\":\"https:\/\/esnatu.bizkeliza.org\/wp-content\/uploads\/2018\/07\/10-_QUE_BONITAS_LAS_PALABRAS.mp3\",\"type\":\"audio\/mpeg\",\"title\":\"QUE BONITAS LAS PALABRAS\",\"caption\":\"\",\"description\":\"\\\"10-_QUE_BONITAS_LAS_PALABRAS\\\". G\\u00e9nero: Other.\",\"meta\":{\"genre\":\"Other\",\"length_formatted\":\"0:18\"},\"image\":{\"src\":\"https:\/\/esnatu.bizkeliza.org\/wp-includes\/images\/media\/audio.svg\",\"width\":48,\"height\":64},\"thumb\":{\"src\":\"https:\/\/esnatu.bizkeliza.org\/wp-includes\/images\/media\/audio.svg\",\"width\":48,\"height\":64}},{\"src\":\"https:\/\/esnatu.bizkeliza.org\/wp-content\/uploads\/2018\/07\/11-_EL_PASTEL_Y_LA_ROSA.mp3\",\"type\":\"audio\/mpeg\",\"title\":\"EL PASTEL Y LA ROSA\",\"caption\":\"\",\"description\":\"\\\"11-_EL_PASTEL_Y_LA_ROSA\\\". G\\u00e9nero: Other.\",\"meta\":{\"genre\":\"Other\",\"length_formatted\":\"0:20\"},\"image\":{\"src\":\"https:\/\/esnatu.bizkeliza.org\/wp-includes\/images\/media\/audio.svg\",\"width\":48,\"height\":64},\"thumb\":{\"src\":\"https:\/\/esnatu.bizkeliza.org\/wp-includes\/images\/media\/audio.svg\",\"width\":48,\"height\":64}},{\"src\":\"https:\/\/esnatu.bizkeliza.org\/wp-content\/uploads\/2018\/07\/11-_JESUS_MUERE_POR_NOSOTROS.mp3\",\"type\":\"audio\/mpeg\",\"title\":\"JES\\u00daS MUERE POR NOSOTROS\",\"caption\":\"\",\"description\":\"\\\"11-_JESUS_MUERE_POR_NOSOTROS\\\".\",\"meta\":{\"length_formatted\":\"0:30\"},\"image\":{\"src\":\"https:\/\/esnatu.bizkeliza.org\/wp-includes\/images\/media\/audio.svg\",\"width\":48,\"height\":64},\"thumb\":{\"src\":\"https:\/\/esnatu.bizkeliza.org\/wp-includes\/images\/media\/audio.svg\",\"width\":48,\"height\":64}},{\"src\":\"https:\/\/esnatu.bizkeliza.org\/wp-content\/uploads\/2018\/07\/12-_CON_NUESTRAS_MANOS.mp3\",\"type\":\"audio\/mpeg\",\"title\":\"CON NUESTRAS MANOS\",\"caption\":\"\",\"description\":\"\\\"12-_CON_NUESTRAS_MANOS\\\". G\\u00e9nero: Other.\",\"meta\":{\"genre\":\"Other\",\"length_formatted\":\"0:19\"},\"image\":{\"src\":\"https:\/\/esnatu.bizkeliza.org\/wp-includes\/images\/media\/audio.svg\",\"width\":48,\"height\":64},\"thumb\":{\"src\":\"https:\/\/esnatu.bizkeliza.org\/wp-includes\/images\/media\/audio.svg\",\"width\":48,\"height\":64}},{\"src\":\"https:\/\/esnatu.bizkeliza.org\/wp-content\/uploads\/2018\/07\/12-_JESUS_HA_RESUCITADO.mp3\",\"type\":\"audio\/mpeg\",\"title\":\"JES\\u00daS HA RESUCITADO\",\"caption\":\"\",\"description\":\"\\\"12-_JESUS_HA_RESUCITADO\\\".\",\"meta\":{\"length_formatted\":\"0:31\"},\"image\":{\"src\":\"https:\/\/esnatu.bizkeliza.org\/wp-includes\/images\/media\/audio.svg\",\"width\":48,\"height\":64},\"thumb\":{\"src\":\"https:\/\/esnatu.bizkeliza.org\/wp-includes\/images\/media\/audio.svg\",\"width\":48,\"height\":64}},{\"src\":\"https:\/\/esnatu.bizkeliza.org\/wp-content\/uploads\/2018\/07\/13-_EL_ESPIRITU_DE_JESUS.mp3\",\"type\":\"audio\/mpeg\",\"title\":\"EL ESPIRITU DE JESUS\",\"caption\":\"\",\"description\":\"\\\"13-_EL_ESPIRITU_DE_JESUS\\\".\",\"meta\":{\"length_formatted\":\"0:29\"},\"image\":{\"src\":\"https:\/\/esnatu.bizkeliza.org\/wp-includes\/images\/media\/audio.svg\",\"width\":48,\"height\":64},\"thumb\":{\"src\":\"https:\/\/esnatu.bizkeliza.org\/wp-includes\/images\/media\/audio.svg\",\"width\":48,\"height\":64}},{\"src\":\"https:\/\/esnatu.bizkeliza.org\/wp-content\/uploads\/2018\/07\/13-_SIEMPRE_CON_NOSOTROS.mp3\",\"type\":\"audio\/mpeg\",\"title\":\"SIEMPRE CON NOSOTROS\",\"caption\":\"\",\"description\":\"\\\"13-_SIEMPRE_CON_NOSOTROS\\\". G\\u00e9nero: Other.\",\"meta\":{\"genre\":\"Other\",\"length_formatted\":\"0:19\"},\"image\":{\"src\":\"https:\/\/esnatu.bizkeliza.org\/wp-includes\/images\/media\/audio.svg\",\"width\":48,\"height\":64},\"thumb\":{\"src\":\"https:\/\/esnatu.bizkeliza.org\/wp-includes\/images\/media\/audio.svg\",\"width\":48,\"height\":64}},{\"src\":\"https:\/\/esnatu.bizkeliza.org\/wp-content\/uploads\/2018\/07\/14-_JESUS_ENVIA_A_LOS_APOSTOLES.mp3\",\"type\":\"audio\/mpeg\",\"title\":\"JES\\u00daS ENVIA A LOS AP\\u00d3STOLES\",\"caption\":\"\",\"description\":\"\\\"14-_JESUS_ENVIA_A_LOS_APOSTOLES\\\".\",\"meta\":{\"length_formatted\":\"0:29\"},\"image\":{\"src\":\"https:\/\/esnatu.bizkeliza.org\/wp-includes\/images\/media\/audio.svg\",\"width\":48,\"height\":64},\"thumb\":{\"src\":\"https:\/\/esnatu.bizkeliza.org\/wp-includes\/images\/media\/audio.svg\",\"width\":48,\"height\":64}},{\"src\":\"https:\/\/esnatu.bizkeliza.org\/wp-content\/uploads\/2018\/07\/14-_LA_FIESTA_DE_PASCUA.mp3\",\"type\":\"audio\/mpeg\",\"title\":\"LA FIESTA DE PASCUA\",\"caption\":\"\",\"description\":\"\\\"14-_LA_FIESTA_DE_PASCUA\\\". G\\u00e9nero: Other.\",\"meta\":{\"genre\":\"Other\",\"length_formatted\":\"0:25\"},\"image\":{\"src\":\"https:\/\/esnatu.bizkeliza.org\/wp-includes\/images\/media\/audio.svg\",\"width\":48,\"height\":64},\"thumb\":{\"src\":\"https:\/\/esnatu.bizkeliza.org\/wp-includes\/images\/media\/audio.svg\",\"width\":48,\"height\":64}},{\"src\":\"https:\/\/esnatu.bizkeliza.org\/wp-content\/uploads\/2018\/07\/15-_CORREN_HACIA_EL_DOMINGO.mp3\",\"type\":\"audio\/mpeg\",\"title\":\"CORREN HACIA EL DOMINGO\",\"caption\":\"\",\"description\":\"\\\"15-_CORREN_HACIA_EL_DOMINGO\\\". G\\u00e9nero: Other.\",\"meta\":{\"genre\":\"Other\",\"length_formatted\":\"0:25\"},\"image\":{\"src\":\"https:\/\/esnatu.bizkeliza.org\/wp-includes\/images\/media\/audio.svg\",\"width\":48,\"height\":64},\"thumb\":{\"src\":\"https:\/\/esnatu.bizkeliza.org\/wp-includes\/images\/media\/audio.svg\",\"width\":48,\"height\":64}},{\"src\":\"https:\/\/esnatu.bizkeliza.org\/wp-content\/uploads\/2018\/07\/15-_JESUS_SIGUE_CON_NOSOTROS.mp3\",\"type\":\"audio\/mpeg\",\"title\":\"JES\\u00daS SIGUE CON NOSOTROS\",\"caption\":\"\",\"description\":\"\\\"15-_JESUS_SIGUE_CON_NOSOTROS\\\".\",\"meta\":{\"length_formatted\":\"0:29\"},\"image\":{\"src\":\"https:\/\/esnatu.bizkeliza.org\/wp-includes\/images\/media\/audio.svg\",\"width\":48,\"height\":64},\"thumb\":{\"src\":\"https:\/\/esnatu.bizkeliza.org\/wp-includes\/images\/media\/audio.svg\",\"width\":48,\"height\":64}},{\"src\":\"https:\/\/esnatu.bizkeliza.org\/wp-content\/uploads\/2018\/07\/16-_LA_FIESTA_DE_LA_MADRE.mp3\",\"type\":\"audio\/mpeg\",\"title\":\"LA FIESTA DE LA MADRE\",\"caption\":\"\",\"description\":\"\\\"castWAB\\\" en Despierta. G\\u00e9nero: Other.\",\"meta\":{\"artist\":\"Despierta\",\"genre\":\"Other\",\"length_formatted\":\"0:26\"},\"image\":{\"src\":\"https:\/\/esnatu.bizkeliza.org\/wp-includes\/images\/media\/audio.svg\",\"width\":48,\"height\":64},\"thumb\":{\"src\":\"https:\/\/esnatu.bizkeliza.org\/wp-includes\/images\/media\/audio.svg\",\"width\":48,\"height\":64}},{\"src\":\"https:\/\/esnatu.bizkeliza.org\/wp-content\/uploads\/2018\/07\/17-_UNA_FIESTA_SIN_FIN.mp3\",\"type\":\"audio\/mpeg\",\"title\":\"UNA FIESTA SIN FIN\",\"caption\":\"\",\"description\":\"\\\"17-_UNA_FIESTA_SIN_FIN\\\". G\\u00e9nero: Other.\",\"meta\":{\"genre\":\"Other\",\"length_formatted\":\"0:24\"},\"image\":{\"src\":\"https:\/\/esnatu.bizkeliza.org\/wp-includes\/images\/media\/audio.svg\",\"width\":48,\"height\":64},\"thumb\":{\"src\":\"https:\/\/esnatu.bizkeliza.org\/wp-includes\/images\/media\/audio.svg\",\"width\":48,\"height\":64}},{\"src\":\"https:\/\/esnatu.bizkeliza.org\/wp-content\/uploads\/2018\/09\/Todas-la-mananas.mp3\",\"type\":\"audio\/mpeg\",\"title\":\"TODAS LAS MA\\u00d1ANAS\",\"caption\":\"\",\"description\":\"\",\"meta\":{\"length_formatted\":\"3:24\"},\"image\":{\"src\":\"https:\/\/esnatu.bizkeliza.org\/wp-includes\/images\/media\/audio.svg\",\"width\":48,\"height\":64},\"thumb\":{\"src\":\"https:\/\/esnatu.bizkeliza.org\/wp-includes\/images\/media\/audio.svg\",\"width\":48,\"height\":64}},{\"src\":\"https:\/\/esnatu.bizkeliza.org\/wp-content\/uploads\/2018\/09\/Si-quieres-ser-feliz....mp3\",\"type\":\"audio\/mpeg\",\"title\":\"SI QUIERES SER FELIZ\",\"caption\":\"\",\"description\":\"\",\"meta\":{\"length_formatted\":\"2:11\"},\"image\":{\"src\":\"https:\/\/esnatu.bizkeliza.org\/wp-includes\/images\/media\/audio.svg\",\"width\":48,\"height\":64},\"thumb\":{\"src\":\"https:\/\/esnatu.bizkeliza.org\/wp-includes\/images\/media\/audio.svg\",\"width\":48,\"height\":64}},{\"src\":\"https:\/\/esnatu.bizkeliza.org\/wp-content\/uploads\/2018\/09\/Senora-Maria-de-Nazaret.mp3\",\"type\":\"audio\/mpeg\",\"title\":\"SE\\u00d1ORA MAR\\u00cdA DE NAZARET\",\"caption\":\"\",\"description\":\"\",\"meta\":{\"length_formatted\":\"2:16\"},\"image\":{\"src\":\"https:\/\/esnatu.bizkeliza.org\/wp-includes\/images\/media\/audio.svg\",\"width\":48,\"height\":64},\"thumb\":{\"src\":\"https:\/\/esnatu.bizkeliza.org\/wp-includes\/images\/media\/audio.svg\",\"width\":48,\"height\":64}},{\"src\":\"https:\/\/esnatu.bizkeliza.org\/wp-content\/uploads\/2018\/09\/En-este-dia-de-Fiesta.mp3\",\"type\":\"audio\/mpeg\",\"title\":\"EN ESTE D\\u00cdA DE FIESTA\",\"caption\":\"\",\"description\":\"\",\"meta\":{\"length_formatted\":\"2:37\"},\"image\":{\"src\":\"https:\/\/esnatu.bizkeliza.org\/wp-includes\/images\/media\/audio.svg\",\"width\":48,\"height\":64},\"thumb\":{\"src\":\"https:\/\/esnatu.bizkeliza.org\/wp-includes\/images\/media\/audio.svg\",\"width\":48,\"height\":64}},{\"src\":\"https:\/\/esnatu.bizkeliza.org\/wp-content\/uploads\/2018\/09\/Beti-Argi.mp3\",\"type\":\"audio\/mpeg\",\"title\":\"BETI ARGI\",\"caption\":\"\",\"description\":\"\",\"meta\":{\"length_formatted\":\"2:53\"},\"image\":{\"src\":\"https:\/\/esnatu.bizkeliza.org\/wp-includes\/images\/media\/audio.svg\",\"width\":48,\"height\":64},\"thumb\":{\"src\":\"https:\/\/esnatu.bizkeliza.org\/wp-includes\/images\/media\/audio.svg\",\"width\":48,\"height\":64}},{\"src\":\"https:\/\/esnatu.bizkeliza.org\/wp-content\/uploads\/2018\/09\/Aita-Dios.mp3\",\"type\":\"audio\/mpeg\",\"title\":\"AITA DIOS\",\"caption\":\"\",\"description\":\"\",\"meta\":{\"length_formatted\":\"2:36\"},\"image\":{\"src\":\"https:\/\/esnatu.bizkeliza.org\/wp-includes\/images\/media\/audio.svg\",\"width\":48,\"height\":64},\"thumb\":{\"src\":\"https:\/\/esnatu.bizkeliza.org\/wp-includes\/images\/media\/audio.svg\",\"width\":48,\"height\":64}}]}<\/script>\n<\/div>\n\t\n[\/vc_column_text][\/vc_column_inner][\/vc_row_inner][\/tab][tab icon_family=&#8221;iconsmind&#8221; title=&#8221;Eskulanak&#8221; id=&#8221;1620201989762-0&#8243; tab_id=&#8221;1620201989763-3&#8243; icon_iconsmind=&#8221;iconsmind-Scissor&#8221;][vc_row_inner equal_height=&#8221;yes&#8221; column_margin=&#8221;default&#8221; column_direction=&#8221;default&#8221; column_direction_tablet=&#8221;default&#8221; column_direction_phone=&#8221;default&#8221; text_align=&#8221;center&#8221;][vc_column_inner column_padding=&#8221;no-extra-padding&#8221; column_padding_tablet=&#8221;inherit&#8221; column_padding_phone=&#8221;inherit&#8221; column_padding_position=&#8221;all&#8221; column_element_spacing=&#8221;default&#8221; centered_text=&#8221;true&#8221; background_color_opacity=&#8221;1&#8243; background_hover_color_opacity=&#8221;1&#8243; font_color=&#8221;#1b1464&#8243; column_shadow=&#8221;none&#8221; column_border_radius=&#8221;none&#8221; column_link_target=&#8221;_self&#8221; gradient_direction=&#8221;left_to_right&#8221; overlay_strength=&#8221;0.3&#8243; width=&#8221;1\/4&#8243; tablet_width_inherit=&#8221;default&#8221; bg_image_animation=&#8221;none&#8221; border_type=&#8221;simple&#8221; column_border_width=&#8221;none&#8221; column_border_style=&#8221;solid&#8221;][vc_column_text]\n<h4>Actividades en familia<\/h4>\n<p><img loading=\"lazy\" decoding=\"async\" class=\"alignnone size-full wp-image-2933\" src=\"https:\/\/esnatu.bizkeliza.org\/wp-content\/uploads\/2018\/07\/actividades-en-familia-mini.jpg\" alt=\"\" width=\"63\" height=\"90\" \/><\/p>\n<a class=\"nectar-button n-sc-button small accent-color has-icon regular-button\" target=\"_blank\" href=\"https:\/\/esnatu.bizkeliza.org\/wp-content\/uploads\/2018\/07\/actividades-en-familia.jpg\" data-color-override=\"#f6653c\" data-hover-color-override=\"false\" data-hover-text-color-override=\"#fff\"><span>Deskargatu<\/span><i class=\"icon-button-arrow\"><\/i><\/a>[\/vc_column_text][\/vc_column_inner][vc_column_inner column_padding=&#8221;no-extra-padding&#8221; column_padding_tablet=&#8221;inherit&#8221; column_padding_phone=&#8221;inherit&#8221; column_padding_position=&#8221;all&#8221; column_element_spacing=&#8221;default&#8221; centered_text=&#8221;true&#8221; background_color_opacity=&#8221;1&#8243; background_hover_color_opacity=&#8221;1&#8243; font_color=&#8221;#1b1464&#8243; column_shadow=&#8221;none&#8221; column_border_radius=&#8221;none&#8221; column_link_target=&#8221;_self&#8221; gradient_direction=&#8221;left_to_right&#8221; overlay_strength=&#8221;0.3&#8243; width=&#8221;1\/4&#8243; tablet_width_inherit=&#8221;default&#8221; bg_image_animation=&#8221;none&#8221; border_type=&#8221;simple&#8221; column_border_width=&#8221;none&#8221; column_border_style=&#8221;solid&#8221;][vc_column_text]\n<h4>Cuidamos nuestra casa en com\u00fan<\/h4>\n<p><img loading=\"lazy\" decoding=\"async\" class=\"alignnone size-full wp-image-2934\" src=\"https:\/\/esnatu.bizkeliza.org\/wp-content\/uploads\/2018\/07\/cuidamos-nuestra-casa-en-comun-m.jpg\" alt=\"\" width=\"63\" height=\"90\" \/><\/p>\n<a class=\"nectar-button n-sc-button small accent-color has-icon regular-button\" target=\"_blank\" href=\"https:\/\/esnatu.bizkeliza.org\/wp-content\/uploads\/2018\/07\/cuidamos-nuestra-casa-en-comun.jpg\" data-color-override=\"#f6653c\" data-hover-color-override=\"false\" data-hover-text-color-override=\"#fff\"><span>Deskargatu<\/span><i class=\"icon-button-arrow\"><\/i><\/a>[\/vc_column_text][\/vc_column_inner][vc_column_inner column_padding=&#8221;no-extra-padding&#8221; column_padding_tablet=&#8221;inherit&#8221; column_padding_phone=&#8221;inherit&#8221; column_padding_position=&#8221;all&#8221; column_element_spacing=&#8221;default&#8221; centered_text=&#8221;true&#8221; background_color_opacity=&#8221;1&#8243; background_hover_color_opacity=&#8221;1&#8243; font_color=&#8221;#1b1464&#8243; column_shadow=&#8221;none&#8221; column_border_radius=&#8221;none&#8221; column_link_target=&#8221;_self&#8221; gradient_direction=&#8221;left_to_right&#8221; overlay_strength=&#8221;0.3&#8243; width=&#8221;1\/4&#8243; tablet_width_inherit=&#8221;default&#8221; bg_image_animation=&#8221;none&#8221; border_type=&#8221;simple&#8221; column_border_width=&#8221;none&#8221; column_border_style=&#8221;solid&#8221;][vc_column_text]\n<h4>El mundo, nuestra familia<\/h4>\n<p><img loading=\"lazy\" decoding=\"async\" class=\"alignnone size-full wp-image-2935\" src=\"https:\/\/esnatu.bizkeliza.org\/wp-content\/uploads\/2018\/07\/el-mundo-nuestra-familia-m.jpg\" alt=\"\" width=\"63\" height=\"90\" \/><\/p>\n<a class=\"nectar-button n-sc-button small accent-color has-icon regular-button\" target=\"_blank\" href=\"https:\/\/esnatu.bizkeliza.org\/wp-content\/uploads\/2018\/07\/el-mundo-nuestra-familia.jpg\" data-color-override=\"#f6653c\" data-hover-color-override=\"false\" data-hover-text-color-override=\"#fff\"><span>Deskargatu<\/span><i class=\"icon-button-arrow\"><\/i><\/a>[\/vc_column_text][\/vc_column_inner][vc_column_inner column_padding=&#8221;no-extra-padding&#8221; column_padding_tablet=&#8221;inherit&#8221; column_padding_phone=&#8221;inherit&#8221; column_padding_position=&#8221;all&#8221; column_element_spacing=&#8221;default&#8221; centered_text=&#8221;true&#8221; background_color_opacity=&#8221;1&#8243; background_hover_color_opacity=&#8221;1&#8243; font_color=&#8221;#1b1464&#8243; column_shadow=&#8221;none&#8221; column_border_radius=&#8221;none&#8221; column_link_target=&#8221;_self&#8221; gradient_direction=&#8221;left_to_right&#8221; overlay_strength=&#8221;0.3&#8243; width=&#8221;1\/4&#8243; tablet_width_inherit=&#8221;default&#8221; bg_image_animation=&#8221;none&#8221; border_type=&#8221;simple&#8221; column_border_width=&#8221;none&#8221; column_border_style=&#8221;solid&#8221;][vc_column_text]\n<h4>Familia<\/h4>\n<p><img loading=\"lazy\" decoding=\"async\" class=\"alignnone size-full wp-image-2936\" src=\"https:\/\/esnatu.bizkeliza.org\/wp-content\/uploads\/2018\/07\/familia-m.jpg\" alt=\"\" width=\"63\" height=\"90\" \/><\/p>\n<a class=\"nectar-button n-sc-button small accent-color has-icon regular-button\" target=\"_blank\" href=\"https:\/\/esnatu.bizkeliza.org\/wp-content\/uploads\/2018\/07\/familia.jpg\" data-color-override=\"#f6653c\" data-hover-color-override=\"false\" data-hover-text-color-override=\"#fff\"><span>Deskargatu<\/span><i class=\"icon-button-arrow\"><\/i><\/a>[\/vc_column_text][\/vc_column_inner][\/vc_row_inner][divider line_type=&#8221;No Line&#8221; custom_height=&#8221;40&#8243;][vc_row_inner equal_height=&#8221;yes&#8221; column_margin=&#8221;default&#8221; column_direction=&#8221;default&#8221; column_direction_tablet=&#8221;default&#8221; column_direction_phone=&#8221;default&#8221; text_align=&#8221;center&#8221;][vc_column_inner column_padding=&#8221;no-extra-padding&#8221; column_padding_tablet=&#8221;inherit&#8221; column_padding_phone=&#8221;inherit&#8221; column_padding_position=&#8221;all&#8221; column_element_spacing=&#8221;default&#8221; centered_text=&#8221;true&#8221; background_color_opacity=&#8221;1&#8243; background_hover_color_opacity=&#8221;1&#8243; font_color=&#8221;#1b1464&#8243; column_shadow=&#8221;none&#8221; column_border_radius=&#8221;none&#8221; column_link_target=&#8221;_self&#8221; gradient_direction=&#8221;left_to_right&#8221; overlay_strength=&#8221;0.3&#8243; width=&#8221;1\/4&#8243; tablet_width_inherit=&#8221;default&#8221; bg_image_animation=&#8221;none&#8221; border_type=&#8221;simple&#8221; column_border_width=&#8221;none&#8221; column_border_style=&#8221;solid&#8221;][vc_column_text]\n<h4>Navidades<\/h4>\n<p><img loading=\"lazy\" decoding=\"async\" class=\"alignnone size-full wp-image-2937\" src=\"https:\/\/esnatu.bizkeliza.org\/wp-content\/uploads\/2018\/07\/navidades-m.jpg\" alt=\"\" width=\"63\" height=\"90\" \/><\/p>\n<a class=\"nectar-button n-sc-button small accent-color has-icon regular-button\" target=\"_blank\" href=\"https:\/\/esnatu.bizkeliza.org\/wp-content\/uploads\/2018\/07\/navidades.jpg\" data-color-override=\"#f6653c\" data-hover-color-override=\"false\" data-hover-text-color-override=\"#fff\"><span>Deskargatu<\/span><i class=\"icon-button-arrow\"><\/i><\/a>[\/vc_column_text][\/vc_column_inner][vc_column_inner column_padding=&#8221;no-extra-padding&#8221; column_padding_tablet=&#8221;inherit&#8221; column_padding_phone=&#8221;inherit&#8221; column_padding_position=&#8221;all&#8221; column_element_spacing=&#8221;default&#8221; centered_text=&#8221;true&#8221; background_color_opacity=&#8221;1&#8243; background_hover_color_opacity=&#8221;1&#8243; font_color=&#8221;#1b1464&#8243; column_shadow=&#8221;none&#8221; column_border_radius=&#8221;none&#8221; column_link_target=&#8221;_self&#8221; gradient_direction=&#8221;left_to_right&#8221; overlay_strength=&#8221;0.3&#8243; width=&#8221;1\/4&#8243; tablet_width_inherit=&#8221;default&#8221; bg_image_animation=&#8221;none&#8221; border_type=&#8221;simple&#8221; column_border_width=&#8221;none&#8221; column_border_style=&#8221;solid&#8221;][vc_column_text]\n<h4>Pascua &#8211; Pentecost\u00e9s<\/h4>\n<p><img loading=\"lazy\" decoding=\"async\" class=\"alignnone size-full wp-image-2938\" src=\"https:\/\/esnatu.bizkeliza.org\/wp-content\/uploads\/2018\/07\/pascua-pentecostes-m.jpg\" alt=\"\" width=\"63\" height=\"90\" \/><\/p>\n<a class=\"nectar-button n-sc-button small accent-color has-icon regular-button\" target=\"_blank\" href=\"https:\/\/esnatu.bizkeliza.org\/wp-content\/uploads\/2018\/07\/pascua-pentecostes.jpg\" data-color-override=\"#f6653c\" data-hover-color-override=\"false\" data-hover-text-color-override=\"#fff\"><span>Deskargatu<\/span><i class=\"icon-button-arrow\"><\/i><\/a>[\/vc_column_text][\/vc_column_inner][vc_column_inner column_padding=&#8221;no-extra-padding&#8221; column_padding_tablet=&#8221;inherit&#8221; column_padding_phone=&#8221;inherit&#8221; column_padding_position=&#8221;all&#8221; column_element_spacing=&#8221;default&#8221; centered_text=&#8221;true&#8221; background_color_opacity=&#8221;1&#8243; background_hover_color_opacity=&#8221;1&#8243; font_color=&#8221;#1b1464&#8243; column_shadow=&#8221;none&#8221; column_border_radius=&#8221;none&#8221; column_link_target=&#8221;_self&#8221; gradient_direction=&#8221;left_to_right&#8221; overlay_strength=&#8221;0.3&#8243; width=&#8221;1\/4&#8243; tablet_width_inherit=&#8221;default&#8221; bg_image_animation=&#8221;none&#8221; border_type=&#8221;simple&#8221; column_border_width=&#8221;none&#8221; column_border_style=&#8221;solid&#8221;][vc_column_text]\n<h4>Paz<\/h4>\n<p><img loading=\"lazy\" decoding=\"async\" class=\"alignnone size-full wp-image-2939\" src=\"https:\/\/esnatu.bizkeliza.org\/wp-content\/uploads\/2018\/07\/paz-m.jpg\" alt=\"\" width=\"63\" height=\"90\" \/><\/p>\n<a class=\"nectar-button n-sc-button small accent-color has-icon regular-button\" target=\"_blank\" href=\"https:\/\/esnatu.bizkeliza.org\/wp-content\/uploads\/2018\/07\/paz.jpg\" data-color-override=\"#f6653c\" data-hover-color-override=\"false\" data-hover-text-color-override=\"#fff\"><span>Deskargatu<\/span><i class=\"icon-button-arrow\"><\/i><\/a>[\/vc_column_text][\/vc_column_inner][vc_column_inner column_padding=&#8221;no-extra-padding&#8221; column_padding_tablet=&#8221;inherit&#8221; column_padding_phone=&#8221;inherit&#8221; column_padding_position=&#8221;all&#8221; column_element_spacing=&#8221;default&#8221; centered_text=&#8221;true&#8221; background_color_opacity=&#8221;1&#8243; background_hover_color_opacity=&#8221;1&#8243; font_color=&#8221;#1b1464&#8243; column_shadow=&#8221;none&#8221; column_border_radius=&#8221;none&#8221; column_link_target=&#8221;_self&#8221; gradient_direction=&#8221;left_to_right&#8221; overlay_strength=&#8221;0.3&#8243; width=&#8221;1\/4&#8243; tablet_width_inherit=&#8221;default&#8221; bg_image_animation=&#8221;none&#8221; border_type=&#8221;simple&#8221; column_border_width=&#8221;none&#8221; column_border_style=&#8221;solid&#8221;][vc_column_text]\n<h4>Recortable Nacimiento<\/h4>\n<p><img loading=\"lazy\" decoding=\"async\" class=\"alignnone size-full wp-image-2940\" src=\"https:\/\/esnatu.bizkeliza.org\/wp-content\/uploads\/2018\/07\/recortable-nacimiento-m.jpg\" alt=\"\" width=\"63\" height=\"90\" \/><\/p>\n<a class=\"nectar-button n-sc-button small accent-color has-icon regular-button\" target=\"_blank\" href=\"https:\/\/esnatu.bizkeliza.org\/wp-content\/uploads\/2018\/07\/recortable-nacimiento.jpg\" data-color-override=\"#f6653c\" data-hover-color-override=\"false\" data-hover-text-color-override=\"#fff\"><span>Deskargatu<\/span><i class=\"icon-button-arrow\"><\/i><\/a>[\/vc_column_text][\/vc_column_inner][\/vc_row_inner][divider line_type=&#8221;No Line&#8221; custom_height=&#8221;40&#8243;][vc_row_inner equal_height=&#8221;yes&#8221; column_margin=&#8221;default&#8221; column_direction=&#8221;default&#8221; column_direction_tablet=&#8221;default&#8221; column_direction_phone=&#8221;default&#8221; text_align=&#8221;center&#8221;][vc_column_inner column_padding=&#8221;no-extra-padding&#8221; column_padding_tablet=&#8221;inherit&#8221; column_padding_phone=&#8221;inherit&#8221; column_padding_position=&#8221;all&#8221; column_element_spacing=&#8221;default&#8221; centered_text=&#8221;true&#8221; background_color_opacity=&#8221;1&#8243; background_hover_color_opacity=&#8221;1&#8243; font_color=&#8221;#1b1464&#8243; column_shadow=&#8221;none&#8221; column_border_radius=&#8221;none&#8221; column_link_target=&#8221;_self&#8221; gradient_direction=&#8221;left_to_right&#8221; overlay_strength=&#8221;0.3&#8243; width=&#8221;1\/4&#8243; tablet_width_inherit=&#8221;default&#8221; bg_image_animation=&#8221;none&#8221; border_type=&#8221;simple&#8221; column_border_width=&#8221;none&#8221; column_border_style=&#8221;solid&#8221;][vc_column_text]\n<h4>Semana Santa<\/h4>\n<p><img loading=\"lazy\" decoding=\"async\" class=\"alignnone size-full wp-image-2941\" src=\"https:\/\/esnatu.bizkeliza.org\/wp-content\/uploads\/2018\/07\/semana-santa-m.jpg\" alt=\"\" width=\"63\" height=\"90\" \/><\/p>\n<a class=\"nectar-button n-sc-button small accent-color has-icon regular-button\" target=\"_blank\" href=\"https:\/\/esnatu.bizkeliza.org\/wp-content\/uploads\/2018\/07\/semana-santa.jpg\" data-color-override=\"#f6653c\" data-hover-color-override=\"false\" data-hover-text-color-override=\"#fff\"><span>Deskargatu<\/span><i class=\"icon-button-arrow\"><\/i><\/a>[\/vc_column_text][\/vc_column_inner][vc_column_inner column_padding=&#8221;no-extra-padding&#8221; column_padding_tablet=&#8221;inherit&#8221; column_padding_phone=&#8221;inherit&#8221; column_padding_position=&#8221;all&#8221; column_element_spacing=&#8221;default&#8221; centered_text=&#8221;true&#8221; background_color_opacity=&#8221;1&#8243; background_hover_color_opacity=&#8221;1&#8243; font_color=&#8221;#1b1464&#8243; column_shadow=&#8221;none&#8221; column_border_radius=&#8221;none&#8221; column_link_target=&#8221;_self&#8221; gradient_direction=&#8221;left_to_right&#8221; overlay_strength=&#8221;0.3&#8243; width=&#8221;1\/4&#8243; tablet_width_inherit=&#8221;default&#8221; bg_image_animation=&#8221;none&#8221; border_type=&#8221;simple&#8221; column_border_width=&#8221;none&#8221; column_border_style=&#8221;solid&#8221;][vc_column_text]\n<h4>Solidaridad<\/h4>\n<p><img loading=\"lazy\" decoding=\"async\" class=\"alignnone size-full wp-image-2942\" src=\"https:\/\/esnatu.bizkeliza.org\/wp-content\/uploads\/2018\/07\/solidaridad-m.jpg\" alt=\"\" width=\"63\" height=\"90\" \/><\/p>\n<a class=\"nectar-button n-sc-button small accent-color has-icon regular-button\" target=\"_blank\" href=\"https:\/\/esnatu.bizkeliza.org\/wp-content\/uploads\/2018\/07\/solidaridad.jpg\" data-color-override=\"#f6653c\" data-hover-color-override=\"false\" data-hover-text-color-override=\"#fff\"><span>Deskargatu<\/span><i class=\"icon-button-arrow\"><\/i><\/a>[\/vc_column_text][\/vc_column_inner][vc_column_inner column_padding=&#8221;no-extra-padding&#8221; column_padding_tablet=&#8221;inherit&#8221; column_padding_phone=&#8221;inherit&#8221; column_padding_position=&#8221;all&#8221; column_element_spacing=&#8221;default&#8221; centered_text=&#8221;true&#8221; background_color_opacity=&#8221;1&#8243; background_hover_color_opacity=&#8221;1&#8243; font_color=&#8221;#1b1464&#8243; column_shadow=&#8221;none&#8221; column_border_radius=&#8221;none&#8221; column_link_target=&#8221;_self&#8221; gradient_direction=&#8221;left_to_right&#8221; overlay_strength=&#8221;0.3&#8243; width=&#8221;1\/4&#8243; tablet_width_inherit=&#8221;default&#8221; bg_image_animation=&#8221;none&#8221; border_type=&#8221;simple&#8221; column_border_width=&#8221;none&#8221; column_border_style=&#8221;solid&#8221;][vc_column_text]\n<h4>Vacaciones<\/h4>\n<p><img loading=\"lazy\" decoding=\"async\" class=\"alignnone size-full wp-image-2943\" src=\"https:\/\/esnatu.bizkeliza.org\/wp-content\/uploads\/2018\/07\/vacaciones-m.jpg\" alt=\"\" width=\"63\" height=\"90\" \/><\/p>\n<a class=\"nectar-button n-sc-button small accent-color has-icon regular-button\" target=\"_blank\" href=\"https:\/\/esnatu.bizkeliza.org\/wp-content\/uploads\/2018\/07\/vacaciones.jpg\" data-color-override=\"#f6653c\" data-hover-color-override=\"false\" data-hover-text-color-override=\"#fff\"><span>Deskargatu<\/span><i class=\"icon-button-arrow\"><\/i><\/a>[\/vc_column_text][\/vc_column_inner][vc_column_inner column_padding=&#8221;no-extra-padding&#8221; column_padding_tablet=&#8221;inherit&#8221; column_padding_phone=&#8221;inherit&#8221; column_padding_position=&#8221;all&#8221; column_element_spacing=&#8221;default&#8221; centered_text=&#8221;true&#8221; background_color_opacity=&#8221;1&#8243; background_hover_color_opacity=&#8221;1&#8243; font_color=&#8221;#1b1464&#8243; column_shadow=&#8221;none&#8221; column_border_radius=&#8221;none&#8221; column_link_target=&#8221;_self&#8221; gradient_direction=&#8221;left_to_right&#8221; overlay_strength=&#8221;0.3&#8243; width=&#8221;1\/4&#8243; tablet_width_inherit=&#8221;default&#8221; bg_image_animation=&#8221;none&#8221; border_type=&#8221;simple&#8221; column_border_width=&#8221;none&#8221; column_border_style=&#8221;solid&#8221;][vc_column_text]\n<h4>Enlace a dibujos de Fano para colorear<\/h4>\n<p><img loading=\"lazy\" decoding=\"async\" class=\"alignnone size-full wp-image-2944\" src=\"https:\/\/esnatu.bizkeliza.org\/wp-content\/uploads\/2018\/07\/fano-para-colorear.jpg\" alt=\"\" width=\"63\" height=\"90\" \/><\/p>\n<a class=\"nectar-button n-sc-button small accent-color has-icon regular-button\" target=\"_blank\" href=\"https:\/\/www.diocesismalaga.es\/dibujos-de-fano-en-blanco-y-negro\" data-color-override=\"#f6653c\" data-hover-color-override=\"false\" data-hover-text-color-override=\"#fff\"><span>Joan<\/span><i class=\"icon-button-arrow\"><\/i><\/a>[\/vc_column_text][\/vc_column_inner][\/vc_row_inner][\/tab][tab icon_family=&#8221;iconsmind&#8221; title=&#8221;Bideoak&#8221; id=&#8221;1620201990057-5&#8243; tab_id=&#8221;1620201990058-4&#8243; icon_iconsmind=&#8221;iconsmind-Video&#8221;][vc_row_inner column_margin=&#8221;default&#8221; column_direction=&#8221;default&#8221; column_direction_tablet=&#8221;default&#8221; column_direction_phone=&#8221;default&#8221; text_align=&#8221;left&#8221;][vc_column_inner column_padding=&#8221;no-extra-padding&#8221; column_padding_tablet=&#8221;inherit&#8221; column_padding_phone=&#8221;inherit&#8221; column_padding_position=&#8221;all&#8221; column_element_spacing=&#8221;default&#8221; background_color_opacity=&#8221;1&#8243; background_hover_color_opacity=&#8221;1&#8243; column_shadow=&#8221;none&#8221; column_border_radius=&#8221;none&#8221; column_link_target=&#8221;_self&#8221; gradient_direction=&#8221;left_to_right&#8221; overlay_strength=&#8221;0.3&#8243; width=&#8221;1\/1&#8243; tablet_width_inherit=&#8221;default&#8221; bg_image_animation=&#8221;none&#8221; border_type=&#8221;simple&#8221; column_border_width=&#8221;none&#8221; column_border_style=&#8221;solid&#8221;][vc_column_text]\n<h2 style=\"text-align: center;\"><span style=\"color: #1b1464;\">Euskeraz<\/span><\/h2>\n[\/vc_column_text][divider line_type=&#8221;Full Width Line&#8221; line_thickness=&#8221;1&#8243; divider_color=&#8221;accent-color&#8221; custom_height=&#8221;10&#8243;][divider line_type=&#8221;No Line&#8221; custom_height=&#8221;50&#8243;][\/vc_column_inner][\/vc_row_inner][vc_row_inner column_margin=&#8221;default&#8221; column_direction=&#8221;default&#8221; column_direction_tablet=&#8221;default&#8221; column_direction_phone=&#8221;default&#8221; bottom_padding=&#8221;30&#8243; text_align=&#8221;left&#8221;][vc_column_inner column_padding=&#8221;no-extra-padding&#8221; column_padding_tablet=&#8221;inherit&#8221; column_padding_phone=&#8221;inherit&#8221; column_padding_position=&#8221;all&#8221; column_element_spacing=&#8221;default&#8221; background_color_opacity=&#8221;1&#8243; background_hover_color_opacity=&#8221;1&#8243; column_shadow=&#8221;none&#8221; column_border_radius=&#8221;none&#8221; column_link_target=&#8221;_self&#8221; gradient_direction=&#8221;left_to_right&#8221; overlay_strength=&#8221;0.3&#8243; width=&#8221;1\/3&#8243; tablet_width_inherit=&#8221;default&#8221; bg_image_animation=&#8221;none&#8221; border_type=&#8221;simple&#8221; column_border_width=&#8221;none&#8221; column_border_style=&#8221;solid&#8221;][vc_column_text]\n<h4><span style=\"color: #1b1464;\">Erantzun zuzena<\/span><\/h4>\n[\/vc_column_text][divider line_type=&#8221;No Line&#8221; custom_height=&#8221;20&#8243;][vc_video link=&#8221;https:\/\/vimeo.com\/196004967&#8243;][vc_column_text]<span style=\"color: #1b1464;\">Bizitzako hainbat unetan izan beharreko jokaerari buruz hausnartzeko bideoa. Hartzaileak: Helduak<\/span>[\/vc_column_text][\/vc_column_inner][vc_column_inner column_padding=&#8221;no-extra-padding&#8221; column_padding_tablet=&#8221;inherit&#8221; column_padding_phone=&#8221;inherit&#8221; column_padding_position=&#8221;all&#8221; column_element_spacing=&#8221;default&#8221; background_color_opacity=&#8221;1&#8243; background_hover_color_opacity=&#8221;1&#8243; column_shadow=&#8221;none&#8221; column_border_radius=&#8221;none&#8221; column_link_target=&#8221;_self&#8221; gradient_direction=&#8221;left_to_right&#8221; overlay_strength=&#8221;0.3&#8243; width=&#8221;1\/3&#8243; tablet_width_inherit=&#8221;default&#8221; bg_image_animation=&#8221;none&#8221; border_type=&#8221;simple&#8221; column_border_width=&#8221;none&#8221; column_border_style=&#8221;solid&#8221;][\/vc_column_inner][vc_column_inner column_padding=&#8221;no-extra-padding&#8221; column_padding_tablet=&#8221;inherit&#8221; column_padding_phone=&#8221;inherit&#8221; column_padding_position=&#8221;all&#8221; column_element_spacing=&#8221;default&#8221; background_color_opacity=&#8221;1&#8243; background_hover_color_opacity=&#8221;1&#8243; column_shadow=&#8221;none&#8221; column_border_radius=&#8221;none&#8221; column_link_target=&#8221;_self&#8221; gradient_direction=&#8221;left_to_right&#8221; overlay_strength=&#8221;0.3&#8243; width=&#8221;1\/3&#8243; tablet_width_inherit=&#8221;default&#8221; bg_image_animation=&#8221;none&#8221; border_type=&#8221;simple&#8221; column_border_width=&#8221;none&#8221; column_border_style=&#8221;solid&#8221;][\/vc_column_inner][\/vc_row_inner][vc_row_inner column_margin=&#8221;default&#8221; column_direction=&#8221;default&#8221; column_direction_tablet=&#8221;default&#8221; column_direction_phone=&#8221;default&#8221; text_align=&#8221;center&#8221;][vc_column_inner column_padding=&#8221;no-extra-padding&#8221; column_padding_tablet=&#8221;inherit&#8221; column_padding_phone=&#8221;inherit&#8221; column_padding_position=&#8221;all&#8221; column_element_spacing=&#8221;default&#8221; background_color_opacity=&#8221;1&#8243; background_hover_color_opacity=&#8221;1&#8243; column_shadow=&#8221;none&#8221; column_border_radius=&#8221;none&#8221; column_link_target=&#8221;_self&#8221; gradient_direction=&#8221;left_to_right&#8221; overlay_strength=&#8221;0.3&#8243; width=&#8221;1\/1&#8243; tablet_width_inherit=&#8221;default&#8221; bg_image_animation=&#8221;none&#8221; border_type=&#8221;simple&#8221; column_border_width=&#8221;none&#8221; column_border_style=&#8221;solid&#8221;][divider line_type=&#8221;No Line&#8221; custom_height=&#8221;50&#8243;][vc_column_text]\n<h2 style=\"text-align: center;\"><span style=\"color: #1b1464;\">Hitzik gabe<\/span><\/h2>\n[\/vc_column_text][divider line_type=&#8221;Full Width Line&#8221; line_thickness=&#8221;1&#8243; divider_color=&#8221;accent-color&#8221; custom_height=&#8221;10&#8243;][divider line_type=&#8221;No Line&#8221; custom_height=&#8221;50&#8243;][\/vc_column_inner][\/vc_row_inner][vc_row_inner equal_height=&#8221;yes&#8221; content_placement=&#8221;top&#8221; column_margin=&#8221;default&#8221; column_direction=&#8221;default&#8221; column_direction_tablet=&#8221;default&#8221; column_direction_phone=&#8221;default&#8221; bottom_padding=&#8221;30&#8243; text_align=&#8221;left&#8221;][vc_column_inner column_padding=&#8221;no-extra-padding&#8221; column_padding_tablet=&#8221;inherit&#8221; column_padding_phone=&#8221;inherit&#8221; column_padding_position=&#8221;all&#8221; column_element_spacing=&#8221;default&#8221; background_color_opacity=&#8221;1&#8243; background_hover_color_opacity=&#8221;1&#8243; column_shadow=&#8221;none&#8221; column_border_radius=&#8221;none&#8221; column_link_target=&#8221;_self&#8221; gradient_direction=&#8221;left_to_right&#8221; overlay_strength=&#8221;0.3&#8243; width=&#8221;1\/3&#8243; tablet_width_inherit=&#8221;default&#8221; bg_image_animation=&#8221;none&#8221; border_type=&#8221;simple&#8221; column_border_width=&#8221;none&#8221; column_border_style=&#8221;solid&#8221;][vc_column_text]\n<h4><span style=\"color: #1b1464;\">La tempestad calmada<\/span><\/h4>\n[\/vc_column_text][divider line_type=&#8221;No Line&#8221; custom_height=&#8221;20&#8243;][vc_video link=&#8221;https:\/\/www.youtube.com\/watch?v=WUDQ2AJhnyU&#8221;][vc_column_text]<span style=\"color: #1b1464;\">Reflexi\u00f3n sobre el amor de un padre a su hijo y c\u00f3mo se va transformando a lo largo de la vida. Destinatarios: Adultos<\/span>[\/vc_column_text][\/vc_column_inner][vc_column_inner column_padding=&#8221;no-extra-padding&#8221; column_padding_tablet=&#8221;inherit&#8221; column_padding_phone=&#8221;inherit&#8221; column_padding_position=&#8221;all&#8221; column_element_spacing=&#8221;default&#8221; background_color_opacity=&#8221;1&#8243; background_hover_color_opacity=&#8221;1&#8243; column_shadow=&#8221;none&#8221; column_border_radius=&#8221;none&#8221; column_link_target=&#8221;_self&#8221; gradient_direction=&#8221;left_to_right&#8221; overlay_strength=&#8221;0.3&#8243; width=&#8221;1\/3&#8243; tablet_width_inherit=&#8221;default&#8221; bg_image_animation=&#8221;none&#8221; border_type=&#8221;simple&#8221; column_border_width=&#8221;none&#8221; column_border_style=&#8221;solid&#8221;][vc_column_text]\n<h4><span style=\"color: #1b1464;\">Olentzero &#8211; Quitemos las etiquetas<\/span><\/h4>\n[\/vc_column_text][divider line_type=&#8221;No Line&#8221; custom_height=&#8221;20&#8243;][vc_video link=&#8221;https:\/\/www.youtube.com\/watch?v=Wv49RFo1ckQ&#8221;][vc_column_text]<span style=\"color: #1b1464;\">V\u00eddeo de la importancia de no poner etiquetas a la gente.\u00a0<\/span><br \/>\n<span style=\"color: #1b1464;\">Destinatarios: Adultos.<\/span>[\/vc_column_text][\/vc_column_inner][vc_column_inner column_padding=&#8221;no-extra-padding&#8221; column_padding_tablet=&#8221;inherit&#8221; column_padding_phone=&#8221;inherit&#8221; column_padding_position=&#8221;all&#8221; column_element_spacing=&#8221;default&#8221; background_color_opacity=&#8221;1&#8243; background_hover_color_opacity=&#8221;1&#8243; column_shadow=&#8221;none&#8221; column_border_radius=&#8221;none&#8221; column_link_target=&#8221;_self&#8221; gradient_direction=&#8221;left_to_right&#8221; overlay_strength=&#8221;0.3&#8243; width=&#8221;1\/3&#8243; tablet_width_inherit=&#8221;default&#8221; bg_image_animation=&#8221;none&#8221; border_type=&#8221;simple&#8221; column_border_width=&#8221;none&#8221; column_border_style=&#8221;solid&#8221;][vc_column_text]\n<h4><span style=\"color: #1b1464;\">Jes\u00fas nace en nosotros en cada Navidad<\/span><\/h4>\n[\/vc_column_text][divider line_type=&#8221;No Line&#8221; custom_height=&#8221;20&#8243;][vc_video link=&#8221;https:\/\/www.youtube.com\/watch?v=qSi3gIY10tU&#8221;][vc_column_text]<span style=\"color: #1b1464;\">V\u00eddeo que nos hace reflexionar sobre el nacimiento de Jes\u00fas en Navidad. Hoy sigue naciendo. Destinatarios: Adultos.<\/span>[\/vc_column_text][\/vc_column_inner][\/vc_row_inner][vc_row_inner equal_height=&#8221;yes&#8221; content_placement=&#8221;top&#8221; column_margin=&#8221;default&#8221; column_direction=&#8221;default&#8221; column_direction_tablet=&#8221;default&#8221; column_direction_phone=&#8221;default&#8221; bottom_padding=&#8221;30&#8243; text_align=&#8221;left&#8221;][vc_column_inner column_padding=&#8221;no-extra-padding&#8221; column_padding_tablet=&#8221;inherit&#8221; column_padding_phone=&#8221;inherit&#8221; column_padding_position=&#8221;all&#8221; column_element_spacing=&#8221;default&#8221; background_color_opacity=&#8221;1&#8243; background_hover_color_opacity=&#8221;1&#8243; column_shadow=&#8221;none&#8221; column_border_radius=&#8221;none&#8221; column_link_target=&#8221;_self&#8221; gradient_direction=&#8221;left_to_right&#8221; overlay_strength=&#8221;0.3&#8243; width=&#8221;1\/3&#8243; tablet_width_inherit=&#8221;default&#8221; bg_image_animation=&#8221;none&#8221; border_type=&#8221;simple&#8221; column_border_width=&#8221;none&#8221; column_border_style=&#8221;solid&#8221;][divider line_type=&#8221;No Line&#8221; custom_height=&#8221;40&#8243;][vc_column_text]\n<h4><span style=\"color: #1b1464;\">Compartir comida en recreo<\/span><\/h4>\n[\/vc_column_text][divider line_type=&#8221;No Line&#8221; custom_height=&#8221;20&#8243;][vc_video link=&#8221;https:\/\/www.youtube.com\/watch?v=tWXkX9axcWs&#8221;][vc_column_text]Emotivo video que nos muestra la importancia de la generosidad.[\/vc_column_text][\/vc_column_inner][vc_column_inner column_padding=&#8221;no-extra-padding&#8221; column_padding_tablet=&#8221;inherit&#8221; column_padding_phone=&#8221;inherit&#8221; column_padding_position=&#8221;all&#8221; column_element_spacing=&#8221;default&#8221; background_color_opacity=&#8221;1&#8243; background_hover_color_opacity=&#8221;1&#8243; column_shadow=&#8221;none&#8221; column_border_radius=&#8221;none&#8221; column_link_target=&#8221;_self&#8221; gradient_direction=&#8221;left_to_right&#8221; overlay_strength=&#8221;0.3&#8243; width=&#8221;1\/3&#8243; tablet_width_inherit=&#8221;default&#8221; bg_image_animation=&#8221;none&#8221; border_type=&#8221;simple&#8221; column_border_width=&#8221;none&#8221; column_border_style=&#8221;solid&#8221;][divider line_type=&#8221;No Line&#8221; custom_height=&#8221;40&#8243;][vc_column_text]\n<h4><span style=\"color: #1b1464;\">El vendedor de humo<\/span><\/h4>\n[\/vc_column_text][divider line_type=&#8221;No Line&#8221; custom_height=&#8221;20&#8243;][vc_video link=&#8221;https:\/\/youtu.be\/dwWqMgddes4&#8243;][vc_column_text]<span style=\"color: #1b1464;\">V\u00eddeo de animaci\u00f3n sobre c\u00f3mo se venden las cosas.<\/span>[\/vc_column_text][\/vc_column_inner][vc_column_inner column_padding=&#8221;no-extra-padding&#8221; column_padding_tablet=&#8221;inherit&#8221; column_padding_phone=&#8221;inherit&#8221; column_padding_position=&#8221;all&#8221; column_element_spacing=&#8221;default&#8221; background_color_opacity=&#8221;1&#8243; background_hover_color_opacity=&#8221;1&#8243; column_shadow=&#8221;none&#8221; column_border_radius=&#8221;none&#8221; column_link_target=&#8221;_self&#8221; gradient_direction=&#8221;left_to_right&#8221; overlay_strength=&#8221;0.3&#8243; width=&#8221;1\/3&#8243; tablet_width_inherit=&#8221;default&#8221; bg_image_animation=&#8221;none&#8221; border_type=&#8221;simple&#8221; column_border_width=&#8221;none&#8221; column_border_style=&#8221;solid&#8221;][divider line_type=&#8221;No Line&#8221; custom_height=&#8221;40&#8243;][vc_column_text]\n<h4>Esfuerzo superaci\u00f3n guitarras a 4 manos<\/h4>\n[\/vc_column_text][divider line_type=&#8221;No Line&#8221; custom_height=&#8221;20&#8243;][vc_video link=&#8221;https:\/\/youtu.be\/Zbd6IASEFr8&#8243;][vc_column_text]Como cuando la vida te presenta dificultades y se pueden superar.[\/vc_column_text][\/vc_column_inner][\/vc_row_inner][vc_row_inner column_margin=&#8221;default&#8221; column_direction=&#8221;default&#8221; column_direction_tablet=&#8221;default&#8221; column_direction_phone=&#8221;default&#8221; text_align=&#8221;left&#8221;][vc_column_inner column_padding=&#8221;no-extra-padding&#8221; column_padding_tablet=&#8221;inherit&#8221; column_padding_phone=&#8221;inherit&#8221; column_padding_position=&#8221;all&#8221; column_element_spacing=&#8221;default&#8221; background_color_opacity=&#8221;1&#8243; background_hover_color_opacity=&#8221;1&#8243; font_color=&#8221;#1b1464&#8243; column_shadow=&#8221;none&#8221; column_border_radius=&#8221;none&#8221; column_link_target=&#8221;_self&#8221; gradient_direction=&#8221;left_to_right&#8221; overlay_strength=&#8221;0.3&#8243; width=&#8221;1\/1&#8243; tablet_width_inherit=&#8221;default&#8221; bg_image_animation=&#8221;none&#8221; border_type=&#8221;simple&#8221; column_border_width=&#8221;none&#8221; column_border_style=&#8221;solid&#8221;][divider line_type=&#8221;No Line&#8221; custom_height=&#8221;50&#8243;][vc_column_text]\n<h2 style=\"text-align: center;\"><span style=\"color: #1b1464;\">Gaztelaniaz<\/span><\/h2>\n[\/vc_column_text][vc_text_separator title=&#8221;Familia osoarentzat&#8221; color=&#8221;custom&#8221; accent_color=&#8221;#1b1464&#8243;][divider line_type=&#8221;No Line&#8221; custom_height=&#8221;30&#8243;][\/vc_column_inner][\/vc_row_inner][vc_row_inner equal_height=&#8221;yes&#8221; column_margin=&#8221;default&#8221; column_direction=&#8221;default&#8221; column_direction_tablet=&#8221;default&#8221; column_direction_phone=&#8221;default&#8221; text_align=&#8221;left&#8221;][vc_column_inner column_padding=&#8221;no-extra-padding&#8221; column_padding_tablet=&#8221;inherit&#8221; column_padding_phone=&#8221;inherit&#8221; column_padding_position=&#8221;all&#8221; column_element_spacing=&#8221;default&#8221; background_color_opacity=&#8221;1&#8243; background_hover_color_opacity=&#8221;1&#8243; column_shadow=&#8221;none&#8221; column_border_radius=&#8221;none&#8221; column_link_target=&#8221;_self&#8221; gradient_direction=&#8221;left_to_right&#8221; overlay_strength=&#8221;0.3&#8243; width=&#8221;1\/3&#8243; tablet_width_inherit=&#8221;default&#8221; bg_image_animation=&#8221;none&#8221; border_type=&#8221;simple&#8221; column_border_width=&#8221;none&#8221; column_border_style=&#8221;solid&#8221;][vc_column_text]\n<h4><span style=\"color: #1b1464;\">Par\u00e1bola del Hijo Pr\u00f3digo<\/span><\/h4>\n[\/vc_column_text][divider line_type=&#8221;No Line&#8221; custom_height=&#8221;20&#8243;][vc_video link=&#8221;https:\/\/youtu.be\/qY-ygC4p90g&#8221;][vc_column_text]<span style=\"color: #1b1464;\">V\u00eddeo de dibujos animados que mediante una canci\u00f3n te cuenta la par\u00e1bola del Hijo Pr\u00f3digo.<\/span>[\/vc_column_text][\/vc_column_inner][vc_column_inner column_padding=&#8221;no-extra-padding&#8221; column_padding_tablet=&#8221;inherit&#8221; column_padding_phone=&#8221;inherit&#8221; column_padding_position=&#8221;all&#8221; column_element_spacing=&#8221;default&#8221; background_color_opacity=&#8221;1&#8243; background_hover_color_opacity=&#8221;1&#8243; column_shadow=&#8221;none&#8221; column_border_radius=&#8221;none&#8221; column_link_target=&#8221;_self&#8221; gradient_direction=&#8221;left_to_right&#8221; overlay_strength=&#8221;0.3&#8243; width=&#8221;1\/3&#8243; tablet_width_inherit=&#8221;default&#8221; bg_image_animation=&#8221;none&#8221; border_type=&#8221;simple&#8221; column_border_width=&#8221;none&#8221; column_border_style=&#8221;solid&#8221;][vc_column_text]\n<h4><span style=\"color: #1b1464;\">La par\u00e1bola de la oveja perdida<\/span><\/h4>\n[\/vc_column_text][divider line_type=&#8221;No Line&#8221; custom_height=&#8221;20&#8243;][vc_video link=&#8221;https:\/\/www.youtube.com\/watch?v=XjE4CIvGW-E&amp;list=PL5U3N2RKb-0DRpx073gDnnSQI-go4i1Fd&amp;index=1&#8243;][vc_column_text]<span style=\"color: #1b1464;\">V\u00eddeo de dibujos animados que mediante una canci\u00f3n te cuenta la par\u00e1bola de la oveja perdida.<\/span>[\/vc_column_text][\/vc_column_inner][vc_column_inner column_padding=&#8221;no-extra-padding&#8221; column_padding_tablet=&#8221;inherit&#8221; column_padding_phone=&#8221;inherit&#8221; column_padding_position=&#8221;all&#8221; column_element_spacing=&#8221;default&#8221; background_color_opacity=&#8221;1&#8243; background_hover_color_opacity=&#8221;1&#8243; column_shadow=&#8221;none&#8221; column_border_radius=&#8221;none&#8221; column_link_target=&#8221;_self&#8221; gradient_direction=&#8221;left_to_right&#8221; overlay_strength=&#8221;0.3&#8243; width=&#8221;1\/3&#8243; tablet_width_inherit=&#8221;default&#8221; bg_image_animation=&#8221;none&#8221; border_type=&#8221;simple&#8221; column_border_width=&#8221;none&#8221; column_border_style=&#8221;solid&#8221;][vc_column_text]\n<h4><span style=\"color: #1b1464;\">Par\u00e1bola la casa sobre la roca<\/span><\/h4>\n[\/vc_column_text][divider line_type=&#8221;No Line&#8221; custom_height=&#8221;20&#8243;][vc_video link=&#8221;https:\/\/youtu.be\/4UtyrgFTsl8&#8243;][vc_column_text]<span style=\"color: #1b1464;\">V\u00eddeo de dibujos animados que mediante una canci\u00f3n te cuenta la par\u00e1bola de edificar sobre roca.<\/span>[\/vc_column_text][\/vc_column_inner][\/vc_row_inner][vc_row_inner equal_height=&#8221;yes&#8221; content_placement=&#8221;top&#8221; column_margin=&#8221;default&#8221; column_direction=&#8221;default&#8221; column_direction_tablet=&#8221;default&#8221; column_direction_phone=&#8221;default&#8221; text_align=&#8221;left&#8221;][vc_column_inner column_padding=&#8221;no-extra-padding&#8221; column_padding_tablet=&#8221;inherit&#8221; column_padding_phone=&#8221;inherit&#8221; column_padding_position=&#8221;all&#8221; column_element_spacing=&#8221;default&#8221; background_color_opacity=&#8221;1&#8243; background_hover_color_opacity=&#8221;1&#8243; font_color=&#8221;#1b1464&#8243; column_shadow=&#8221;none&#8221; column_border_radius=&#8221;none&#8221; column_link_target=&#8221;_self&#8221; gradient_direction=&#8221;left_to_right&#8221; overlay_strength=&#8221;0.3&#8243; width=&#8221;1\/3&#8243; tablet_width_inherit=&#8221;default&#8221; bg_image_animation=&#8221;none&#8221; border_type=&#8221;simple&#8221; column_border_width=&#8221;none&#8221; column_border_style=&#8221;solid&#8221;][divider line_type=&#8221;No Line&#8221; custom_height=&#8221;40&#8243;][vc_column_text]\n<h4><span style=\"color: #1b1464;\">El sembrador<\/span><\/h4>\n[\/vc_column_text][divider line_type=&#8221;No Line&#8221; custom_height=&#8221;20&#8243;][vc_video link=&#8221;https:\/\/youtu.be\/9E5oPIaZOx0&#8243;][vc_column_text]<span style=\"color: #1b1464;\">V\u00eddeo de dibujos animados que mediante una canci\u00f3n te cuenta la par\u00e1bola del sembrador.\u00a0<\/span>[\/vc_column_text][\/vc_column_inner][vc_column_inner column_padding=&#8221;no-extra-padding&#8221; column_padding_tablet=&#8221;inherit&#8221; column_padding_phone=&#8221;inherit&#8221; column_padding_position=&#8221;all&#8221; column_element_spacing=&#8221;default&#8221; background_color_opacity=&#8221;1&#8243; background_hover_color_opacity=&#8221;1&#8243; font_color=&#8221;#1b1464&#8243; column_shadow=&#8221;none&#8221; column_border_radius=&#8221;none&#8221; column_link_target=&#8221;_self&#8221; gradient_direction=&#8221;left_to_right&#8221; overlay_strength=&#8221;0.3&#8243; width=&#8221;1\/3&#8243; tablet_width_inherit=&#8221;default&#8221; bg_image_animation=&#8221;none&#8221; border_type=&#8221;simple&#8221; column_border_width=&#8221;none&#8221; column_border_style=&#8221;solid&#8221;][\/vc_column_inner][vc_column_inner column_padding=&#8221;no-extra-padding&#8221; column_padding_tablet=&#8221;inherit&#8221; column_padding_phone=&#8221;inherit&#8221; column_padding_position=&#8221;all&#8221; column_element_spacing=&#8221;default&#8221; background_color_opacity=&#8221;1&#8243; background_hover_color_opacity=&#8221;1&#8243; column_shadow=&#8221;none&#8221; column_border_radius=&#8221;none&#8221; column_link_target=&#8221;_self&#8221; gradient_direction=&#8221;left_to_right&#8221; overlay_strength=&#8221;0.3&#8243; width=&#8221;1\/3&#8243; tablet_width_inherit=&#8221;default&#8221; bg_image_animation=&#8221;none&#8221; border_type=&#8221;simple&#8221; column_border_width=&#8221;none&#8221; column_border_style=&#8221;solid&#8221;][\/vc_column_inner][\/vc_row_inner][vc_row_inner column_margin=&#8221;default&#8221; column_direction=&#8221;default&#8221; column_direction_tablet=&#8221;default&#8221; column_direction_phone=&#8221;default&#8221; text_align=&#8221;left&#8221;][vc_column_inner column_padding=&#8221;no-extra-padding&#8221; column_padding_tablet=&#8221;inherit&#8221; column_padding_phone=&#8221;inherit&#8221; column_padding_position=&#8221;all&#8221; column_element_spacing=&#8221;default&#8221; background_color_opacity=&#8221;1&#8243; background_hover_color_opacity=&#8221;1&#8243; column_shadow=&#8221;none&#8221; column_border_radius=&#8221;none&#8221; column_link_target=&#8221;_self&#8221; gradient_direction=&#8221;left_to_right&#8221; overlay_strength=&#8221;0.3&#8243; width=&#8221;1\/1&#8243; tablet_width_inherit=&#8221;default&#8221; bg_image_animation=&#8221;none&#8221; border_type=&#8221;simple&#8221; column_border_width=&#8221;none&#8221; column_border_style=&#8221;solid&#8221;][divider line_type=&#8221;No Line&#8221; custom_height=&#8221;50&#8243;][vc_text_separator title=&#8221;Gurasoentzat&#8221; color=&#8221;custom&#8221; border_width=&#8221;2&#8243; accent_color=&#8221;#1b1464&#8243;][divider line_type=&#8221;No Line&#8221; custom_height=&#8221;30&#8243;][\/vc_column_inner][\/vc_row_inner][vc_row_inner equal_height=&#8221;yes&#8221; column_margin=&#8221;default&#8221; column_direction=&#8221;default&#8221; column_direction_tablet=&#8221;default&#8221; column_direction_phone=&#8221;default&#8221; text_align=&#8221;left&#8221;][vc_column_inner column_padding=&#8221;no-extra-padding&#8221; column_padding_tablet=&#8221;inherit&#8221; column_padding_phone=&#8221;inherit&#8221; column_padding_position=&#8221;all&#8221; column_element_spacing=&#8221;default&#8221; background_color_opacity=&#8221;1&#8243; background_hover_color_opacity=&#8221;1&#8243; column_shadow=&#8221;none&#8221; column_border_radius=&#8221;none&#8221; column_link_target=&#8221;_self&#8221; gradient_direction=&#8221;left_to_right&#8221; overlay_strength=&#8221;0.3&#8243; width=&#8221;1\/3&#8243; tablet_width_inherit=&#8221;default&#8221; bg_image_animation=&#8221;none&#8221; border_type=&#8221;simple&#8221; column_border_width=&#8221;none&#8221; column_border_style=&#8221;solid&#8221;][vc_column_text]\n<h4>Peque\u00f1o<\/h4>\n[\/vc_column_text][divider line_type=&#8221;No Line&#8221; custom_height=&#8221;20&#8243;][vc_video link=&#8221;https:\/\/youtu.be\/brYtzu8aH0c&#8221;][vc_column_text]Reflexi\u00f3n de un ni\u00f1o de c\u00f3mo ve la vida de los mayores.[\/vc_column_text][\/vc_column_inner][vc_column_inner column_padding=&#8221;no-extra-padding&#8221; column_padding_tablet=&#8221;inherit&#8221; column_padding_phone=&#8221;inherit&#8221; column_padding_position=&#8221;all&#8221; column_element_spacing=&#8221;default&#8221; background_color_opacity=&#8221;1&#8243; background_hover_color_opacity=&#8221;1&#8243; column_shadow=&#8221;none&#8221; column_border_radius=&#8221;none&#8221; column_link_target=&#8221;_self&#8221; gradient_direction=&#8221;left_to_right&#8221; overlay_strength=&#8221;0.3&#8243; width=&#8221;1\/3&#8243; tablet_width_inherit=&#8221;default&#8221; bg_image_animation=&#8221;none&#8221; border_type=&#8221;simple&#8221; column_border_width=&#8221;none&#8221; column_border_style=&#8221;solid&#8221;][vc_column_text]\n<h4><span style=\"color: #1b1464;\">El agua lo cambia todo- 3\u00ba Domingo de Cuaresma<\/span><\/h4>\n[\/vc_column_text][divider line_type=&#8221;No Line&#8221; custom_height=&#8221;20&#8243;][vc_video link=&#8221;https:\/\/youtu.be\/ePAf64p5luM&#8221;][vc_column_text]<span style=\"color: #1b1464;\">Explicaci\u00f3n de la par\u00e1bola de la Samaritana.<\/span>[\/vc_column_text][\/vc_column_inner][vc_column_inner column_padding=&#8221;no-extra-padding&#8221; column_padding_tablet=&#8221;inherit&#8221; column_padding_phone=&#8221;inherit&#8221; column_padding_position=&#8221;all&#8221; column_element_spacing=&#8221;default&#8221; background_color_opacity=&#8221;1&#8243; background_hover_color_opacity=&#8221;1&#8243; column_shadow=&#8221;none&#8221; column_border_radius=&#8221;none&#8221; column_link_target=&#8221;_self&#8221; gradient_direction=&#8221;left_to_right&#8221; overlay_strength=&#8221;0.3&#8243; width=&#8221;1\/3&#8243; tablet_width_inherit=&#8221;default&#8221; bg_image_animation=&#8221;none&#8221; border_type=&#8221;simple&#8221; column_border_width=&#8221;none&#8221; column_border_style=&#8221;solid&#8221;][vc_column_text]\n<h4><span style=\"color: #1b1464;\">Entrevista a J. A. Pagola<\/span><\/h4>\n[\/vc_column_text][divider line_type=&#8221;No Line&#8221; custom_height=&#8221;20&#8243;][vc_video link=&#8221;https:\/\/youtu.be\/_O0rbalEVFk&#8221;][vc_column_text]Cinco palabras de Jes\u00fas para una sociedad herida, indignada y en lucha.[\/vc_column_text][\/vc_column_inner][\/vc_row_inner][vc_row_inner equal_height=&#8221;yes&#8221; column_margin=&#8221;default&#8221; column_direction=&#8221;default&#8221; column_direction_tablet=&#8221;default&#8221; column_direction_phone=&#8221;default&#8221; text_align=&#8221;left&#8221;][vc_column_inner column_padding=&#8221;no-extra-padding&#8221; column_padding_tablet=&#8221;inherit&#8221; column_padding_phone=&#8221;inherit&#8221; column_padding_position=&#8221;all&#8221; column_element_spacing=&#8221;default&#8221; background_color_opacity=&#8221;1&#8243; background_hover_color_opacity=&#8221;1&#8243; column_shadow=&#8221;none&#8221; column_border_radius=&#8221;none&#8221; column_link_target=&#8221;_self&#8221; gradient_direction=&#8221;left_to_right&#8221; overlay_strength=&#8221;0.3&#8243; width=&#8221;1\/3&#8243; tablet_width_inherit=&#8221;default&#8221; bg_image_animation=&#8221;none&#8221; border_type=&#8221;simple&#8221; column_border_width=&#8221;none&#8221; column_border_style=&#8221;solid&#8221;][divider line_type=&#8221;No Line&#8221; custom_height=&#8221;40&#8243;][vc_column_text]\n<h4>Anteojos de mama<\/h4>\n[\/vc_column_text][divider line_type=&#8221;No Line&#8221; custom_height=&#8221;20&#8243;][vc_video link=&#8221;https:\/\/youtu.be\/W7GFV7TIgwM&#8221;][vc_column_text]V\u00eddeo divertido, donde se ve el papel de las madres en la educaci\u00f3n de los hijos.[\/vc_column_text][\/vc_column_inner][vc_column_inner column_padding=&#8221;no-extra-padding&#8221; column_padding_tablet=&#8221;inherit&#8221; column_padding_phone=&#8221;inherit&#8221; column_padding_position=&#8221;all&#8221; column_element_spacing=&#8221;default&#8221; background_color_opacity=&#8221;1&#8243; background_hover_color_opacity=&#8221;1&#8243; column_shadow=&#8221;none&#8221; column_border_radius=&#8221;none&#8221; column_link_target=&#8221;_self&#8221; gradient_direction=&#8221;left_to_right&#8221; overlay_strength=&#8221;0.3&#8243; width=&#8221;1\/3&#8243; tablet_width_inherit=&#8221;default&#8221; bg_image_animation=&#8221;none&#8221; border_type=&#8221;simple&#8221; column_border_width=&#8221;none&#8221; column_border_style=&#8221;solid&#8221;][divider line_type=&#8221;No Line&#8221; custom_height=&#8221;40&#8243;][vc_column_text]\n<h4>Primeras veces<\/h4>\n[\/vc_column_text][divider line_type=&#8221;No Line&#8221; custom_height=&#8221;20&#8243;][vc_video link=&#8221;https:\/\/youtu.be\/lhz6ehtaDkg&#8221;][vc_column_text]Enternecedor v\u00eddeo donde aparecen las primeras veces que haces cosas con tus hijos.[\/vc_column_text][\/vc_column_inner][vc_column_inner column_padding=&#8221;no-extra-padding&#8221; column_padding_tablet=&#8221;inherit&#8221; column_padding_phone=&#8221;inherit&#8221; column_padding_position=&#8221;all&#8221; column_element_spacing=&#8221;default&#8221; background_color_opacity=&#8221;1&#8243; background_hover_color_opacity=&#8221;1&#8243; column_shadow=&#8221;none&#8221; column_border_radius=&#8221;none&#8221; column_link_target=&#8221;_self&#8221; gradient_direction=&#8221;left_to_right&#8221; overlay_strength=&#8221;0.3&#8243; width=&#8221;1\/3&#8243; tablet_width_inherit=&#8221;default&#8221; bg_image_animation=&#8221;none&#8221; border_type=&#8221;simple&#8221; column_border_width=&#8221;none&#8221; column_border_style=&#8221;solid&#8221;][divider line_type=&#8221;No Line&#8221; custom_height=&#8221;40&#8243;][vc_column_text]\n<h4>Reconocer lo que tenemos<\/h4>\n[\/vc_column_text][divider line_type=&#8221;No Line&#8221; custom_height=&#8221;20&#8243;][vc_video link=&#8221;https:\/\/youtu.be\/0DWs9u4gpGw&#8221;][vc_column_text]Valor austeridad.\u00a0Discurso del Papa Francisco.[\/vc_column_text][\/vc_column_inner][\/vc_row_inner][vc_row_inner equal_height=&#8221;yes&#8221; column_margin=&#8221;default&#8221; column_direction=&#8221;default&#8221; column_direction_tablet=&#8221;default&#8221; column_direction_phone=&#8221;default&#8221; text_align=&#8221;left&#8221;][vc_column_inner column_padding=&#8221;no-extra-padding&#8221; column_padding_tablet=&#8221;inherit&#8221; column_padding_phone=&#8221;inherit&#8221; column_padding_position=&#8221;all&#8221; column_element_spacing=&#8221;default&#8221; background_color_opacity=&#8221;1&#8243; background_hover_color_opacity=&#8221;1&#8243; column_shadow=&#8221;none&#8221; column_border_radius=&#8221;none&#8221; column_link_target=&#8221;_self&#8221; gradient_direction=&#8221;left_to_right&#8221; overlay_strength=&#8221;0.3&#8243; width=&#8221;1\/3&#8243; tablet_width_inherit=&#8221;default&#8221; bg_image_animation=&#8221;none&#8221; border_type=&#8221;simple&#8221; column_border_width=&#8221;none&#8221; column_border_style=&#8221;solid&#8221;][divider line_type=&#8221;No Line&#8221; custom_height=&#8221;40&#8243;][vc_column_text]\n<h4>Experimento navide\u00f1o<\/h4>\n[\/vc_column_text][divider line_type=&#8221;No Line&#8221; custom_height=&#8221;20&#8243;][vc_video link=&#8221;https:\/\/youtu.be\/D-3KLwLkXfA&#8221;][vc_column_text]V\u00eddeo muy emotivo de qu\u00e9 es lo que realmente importan en Navidad, \u00bfSer\u00e1n los regalos?[\/vc_column_text][\/vc_column_inner][vc_column_inner column_padding=&#8221;no-extra-padding&#8221; column_padding_tablet=&#8221;inherit&#8221; column_padding_phone=&#8221;inherit&#8221; column_padding_position=&#8221;all&#8221; column_element_spacing=&#8221;default&#8221; background_color_opacity=&#8221;1&#8243; background_hover_color_opacity=&#8221;1&#8243; column_shadow=&#8221;none&#8221; column_border_radius=&#8221;none&#8221; column_link_target=&#8221;_self&#8221; gradient_direction=&#8221;left_to_right&#8221; overlay_strength=&#8221;0.3&#8243; width=&#8221;1\/3&#8243; tablet_width_inherit=&#8221;default&#8221; bg_image_animation=&#8221;none&#8221; border_type=&#8221;simple&#8221; column_border_width=&#8221;none&#8221; column_border_style=&#8221;solid&#8221;][divider line_type=&#8221;No Line&#8221; custom_height=&#8221;40&#8243;][vc_column_text]\n<h4>Playa o monta\u00f1a<\/h4>\n[\/vc_column_text][divider line_type=&#8221;No Line&#8221; custom_height=&#8221;20&#8243;][vc_video link=&#8221;https:\/\/youtu.be\/2dFtnHWbBIw&#8221;][vc_column_text]Cuando el nacimiento de tu hijo no es exactamente lo que te esperas. V\u00eddeo muy entra\u00f1able.[\/vc_column_text][\/vc_column_inner][vc_column_inner column_padding=&#8221;no-extra-padding&#8221; column_padding_tablet=&#8221;inherit&#8221; column_padding_phone=&#8221;inherit&#8221; column_padding_position=&#8221;all&#8221; column_element_spacing=&#8221;default&#8221; background_color_opacity=&#8221;1&#8243; background_hover_color_opacity=&#8221;1&#8243; column_shadow=&#8221;none&#8221; column_border_radius=&#8221;none&#8221; column_link_target=&#8221;_self&#8221; gradient_direction=&#8221;left_to_right&#8221; overlay_strength=&#8221;0.3&#8243; width=&#8221;1\/3&#8243; tablet_width_inherit=&#8221;default&#8221; bg_image_animation=&#8221;none&#8221; border_type=&#8221;simple&#8221; column_border_width=&#8221;none&#8221; column_border_style=&#8221;solid&#8221;][\/vc_column_inner][\/vc_row_inner][\/tab][tab icon_family=&#8221;iconsmind&#8221; title=&#8221;Heziketa laguntzaileentzat&#8221; id=&#8221;1620201994610-10&#8243; tab_id=&#8221;1620201994612-3&#8243; icon_iconsmind=&#8221;iconsmind-Address-Book&#8221;][vc_column_text]\n<h3>Zehazpenak<\/h3>\n<p>Bere misioa arduraz bete nahi duen Elizak abegi, gogoeta eta akonpainamendurako eremuak eskaini behar dizkie aldi desberdinetan burutuko den abentura honekin, hau da, egunez egun elkarrekin bidea eginez seme eta alabak Jainkoaren presentziaz ohartzeko bidean jartzeko ahaleginarekin, bat egiteko erabakia hartzen duten familietako pertsona helduei.<\/p>\n<p>Lagungarri hauek kristau elkarteetan abegi egiteko eta akonpainamendua eskaintzeko zerbitzua ematen duten pertsonei zuzenduta dago. Beren egitekoan adore eman eta lagundu egin nahi zaie eta berrikuntzarako aukerak eman.<\/p>\n<a class=\"nectar-button n-sc-button small accent-color has-icon regular-button\" target=\"_blank\" href=\"https:\/\/esnatu.bizkeliza.org\/wp-content\/uploads\/2021\/03\/Harrera_egiten_ikasi.pdf\" data-color-override=\"#f6653c\" data-hover-color-override=\"false\" data-hover-text-color-override=\"#fff\"><span>Saio honen garapena desakargatu<\/span><i class=\"icon-button-arrow\"><\/i><\/a>[\/vc_column_text][\/tab][\/tabbed_section][\/vc_column][\/vc_row]\n","protected":false},"excerpt":{"rendered":"<p>[vc_row type=&#8221;full_width_background&#8221; full_screen_row_position=&#8221;middle&#8221; column_margin=&#8221;default&#8221; column_direction=&#8221;default&#8221; column_direction_tablet=&#8221;default&#8221; column_direction_phone=&#8221;default&#8221; scene_position=&#8221;center&#8221; top_padding=&#8221;100&#8243; bottom_padding=&#8221;5%&#8221; text_color=&#8221;custom&#8221; custom_text_color=&#8221;#1b1464&#8243; text_align=&#8221;left&#8221; row_border_radius=&#8221;none&#8221; row_border_radius_applies=&#8221;bg&#8221; overlay_strength=&#8221;0.3&#8243; gradient_direction=&#8221;left_to_right&#8221; shape_divider_position=&#8221;bottom&#8221; bg_image_animation=&#8221;none&#8221; shape_type=&#8221;&#8221;][vc_column column_padding=&#8221;no-extra-padding&#8221; column_padding_tablet=&#8221;inherit&#8221; column_padding_phone=&#8221;inherit&#8221; column_padding_position=&#8221;all&#8221; column_element_spacing=&#8221;default&#8221; background_color_opacity=&#8221;1&#8243; background_hover_color_opacity=&#8221;1&#8243; column_shadow=&#8221;none&#8221; column_border_radius=&#8221;none&#8221; column_link_target=&#8221;_self&#8221;&#8230;<\/p>\n","protected":false},"author":1,"featured_media":0,"parent":0,"menu_order":0,"comment_status":"closed","ping_status":"closed","template":"","meta":{"footnotes":""},"class_list":["post-2865","page","type-page","status-publish"],"yoast_head":"<!-- This site is optimized with the Yoast SEO plugin v27.2 - https:\/\/yoast.com\/product\/yoast-seo-wordpress\/ -->\n<title>Baliabideak | \u2018Esnatu\u2019 | Fede-zabalkunde eta Katekesirako Ordezkaritza | \u2018Bizkeliza\u2019<\/title>\n<meta name=\"description\" content=\"\u2018Esnatu\u2019 haurrentzako kristau sarbideko egitasmoaren saioak garatzeko osagarrizko baliabideak.\" \/>\n<meta name=\"robots\" content=\"index, follow, max-snippet:-1, max-image-preview:large, max-video-preview:-1\" \/>\n<link rel=\"canonical\" href=\"https:\/\/esnatu.bizkeliza.org\/eu\/baliabideak\/\" \/>\n<meta property=\"og:locale\" content=\"eu_ES\" \/>\n<meta property=\"og:type\" content=\"article\" \/>\n<meta property=\"og:title\" content=\"Baliabideak | \u2018Esnatu\u2019 | Fede-zabalkunde eta Katekesirako Ordezkaritza | \u2018Bizkeliza\u2019\" \/>\n<meta property=\"og:description\" content=\"\u2018Esnatu\u2019 haurrentzako kristau sarbideko egitasmoaren saioak garatzeko osagarrizko baliabideak.\" \/>\n<meta property=\"og:url\" content=\"https:\/\/esnatu.bizkeliza.org\/eu\/baliabideak\/\" \/>\n<meta property=\"og:site_name\" content=\"ESNATU\" \/>\n<meta property=\"article:modified_time\" content=\"2021-05-05T08:09:35+00:00\" \/>\n<meta property=\"og:image\" content=\"https:\/\/esnatu.bizkeliza.org\/wp-content\/uploads\/2018\/07\/documento-mini.png\" \/>\n<meta name=\"twitter:card\" content=\"summary_large_image\" \/>\n<meta name=\"twitter:label1\" content=\"Est. reading time\" \/>\n\t<meta name=\"twitter:data1\" content=\"14 minutes\" \/>\n<script type=\"application\/ld+json\" class=\"yoast-schema-graph\">{\"@context\":\"https:\/\/schema.org\",\"@graph\":[{\"@type\":\"WebPage\",\"@id\":\"https:\/\/esnatu.bizkeliza.org\/eu\/baliabideak\/\",\"url\":\"https:\/\/esnatu.bizkeliza.org\/eu\/baliabideak\/\",\"name\":\"Baliabideak | \u2018Esnatu\u2019 | Fede-zabalkunde eta Katekesirako Ordezkaritza | \u2018Bizkeliza\u2019\",\"isPartOf\":{\"@id\":\"https:\/\/esnatu.bizkeliza.org\/#website\"},\"primaryImageOfPage\":{\"@id\":\"https:\/\/esnatu.bizkeliza.org\/eu\/baliabideak\/#primaryimage\"},\"image\":{\"@id\":\"https:\/\/esnatu.bizkeliza.org\/eu\/baliabideak\/#primaryimage\"},\"thumbnailUrl\":\"https:\/\/esnatu.bizkeliza.org\/wp-content\/uploads\/2018\/07\/documento-mini.png\",\"datePublished\":\"2018-09-03T15:34:41+00:00\",\"dateModified\":\"2021-05-05T08:09:35+00:00\",\"description\":\"\u2018Esnatu\u2019 haurrentzako kristau sarbideko egitasmoaren saioak garatzeko osagarrizko baliabideak.\",\"breadcrumb\":{\"@id\":\"https:\/\/esnatu.bizkeliza.org\/eu\/baliabideak\/#breadcrumb\"},\"inLanguage\":\"eu-ES\",\"potentialAction\":[{\"@type\":\"ReadAction\",\"target\":[\"https:\/\/esnatu.bizkeliza.org\/eu\/baliabideak\/\"]}]},{\"@type\":\"ImageObject\",\"inLanguage\":\"eu-ES\",\"@id\":\"https:\/\/esnatu.bizkeliza.org\/eu\/baliabideak\/#primaryimage\",\"url\":\"https:\/\/esnatu.bizkeliza.org\/wp-content\/uploads\/2018\/07\/documento-mini.png\",\"contentUrl\":\"https:\/\/esnatu.bizkeliza.org\/wp-content\/uploads\/2018\/07\/documento-mini.png\"},{\"@type\":\"BreadcrumbList\",\"@id\":\"https:\/\/esnatu.bizkeliza.org\/eu\/baliabideak\/#breadcrumb\",\"itemListElement\":[{\"@type\":\"ListItem\",\"position\":1,\"name\":\"Portada\",\"item\":\"https:\/\/esnatu.bizkeliza.org\/eu\/\"},{\"@type\":\"ListItem\",\"position\":2,\"name\":\"Baliabideak\"}]},{\"@type\":\"WebSite\",\"@id\":\"https:\/\/esnatu.bizkeliza.org\/#website\",\"url\":\"https:\/\/esnatu.bizkeliza.org\/\",\"name\":\"ESNATU\",\"description\":\"\",\"publisher\":{\"@id\":\"https:\/\/esnatu.bizkeliza.org\/#organization\"},\"potentialAction\":[{\"@type\":\"SearchAction\",\"target\":{\"@type\":\"EntryPoint\",\"urlTemplate\":\"https:\/\/esnatu.bizkeliza.org\/?s={search_term_string}\"},\"query-input\":{\"@type\":\"PropertyValueSpecification\",\"valueRequired\":true,\"valueName\":\"search_term_string\"}}],\"inLanguage\":\"eu-ES\"},{\"@type\":\"Organization\",\"@id\":\"https:\/\/esnatu.bizkeliza.org\/#organization\",\"name\":\"ESNATU\",\"url\":\"https:\/\/esnatu.bizkeliza.org\/\",\"logo\":{\"@type\":\"ImageObject\",\"inLanguage\":\"eu-ES\",\"@id\":\"https:\/\/esnatu.bizkeliza.org\/#\/schema\/logo\/image\/\",\"url\":\"https:\/\/esnatu.bizkeliza.org\/wp-content\/uploads\/2018\/06\/portada-video-esnatu.jpg\",\"contentUrl\":\"https:\/\/esnatu.bizkeliza.org\/wp-content\/uploads\/2018\/06\/portada-video-esnatu.jpg\",\"width\":1920,\"height\":1080,\"caption\":\"ESNATU\"},\"image\":{\"@id\":\"https:\/\/esnatu.bizkeliza.org\/#\/schema\/logo\/image\/\"}}]}<\/script>\n<!-- \/ Yoast SEO plugin. -->","yoast_head_json":{"title":"Baliabideak | \u2018Esnatu\u2019 | Fede-zabalkunde eta Katekesirako Ordezkaritza | \u2018Bizkeliza\u2019","description":"\u2018Esnatu\u2019 haurrentzako kristau sarbideko egitasmoaren saioak garatzeko osagarrizko baliabideak.","robots":{"index":"index","follow":"follow","max-snippet":"max-snippet:-1","max-image-preview":"max-image-preview:large","max-video-preview":"max-video-preview:-1"},"canonical":"https:\/\/esnatu.bizkeliza.org\/eu\/baliabideak\/","og_locale":"eu_ES","og_type":"article","og_title":"Baliabideak | \u2018Esnatu\u2019 | Fede-zabalkunde eta Katekesirako Ordezkaritza | \u2018Bizkeliza\u2019","og_description":"\u2018Esnatu\u2019 haurrentzako kristau sarbideko egitasmoaren saioak garatzeko osagarrizko baliabideak.","og_url":"https:\/\/esnatu.bizkeliza.org\/eu\/baliabideak\/","og_site_name":"ESNATU","article_modified_time":"2021-05-05T08:09:35+00:00","og_image":[{"url":"https:\/\/esnatu.bizkeliza.org\/wp-content\/uploads\/2018\/07\/documento-mini.png","type":"","width":"","height":""}],"twitter_card":"summary_large_image","twitter_misc":{"Est. reading time":"14 minutes"},"schema":{"@context":"https:\/\/schema.org","@graph":[{"@type":"WebPage","@id":"https:\/\/esnatu.bizkeliza.org\/eu\/baliabideak\/","url":"https:\/\/esnatu.bizkeliza.org\/eu\/baliabideak\/","name":"Baliabideak | \u2018Esnatu\u2019 | Fede-zabalkunde eta Katekesirako Ordezkaritza | \u2018Bizkeliza\u2019","isPartOf":{"@id":"https:\/\/esnatu.bizkeliza.org\/#website"},"primaryImageOfPage":{"@id":"https:\/\/esnatu.bizkeliza.org\/eu\/baliabideak\/#primaryimage"},"image":{"@id":"https:\/\/esnatu.bizkeliza.org\/eu\/baliabideak\/#primaryimage"},"thumbnailUrl":"https:\/\/esnatu.bizkeliza.org\/wp-content\/uploads\/2018\/07\/documento-mini.png","datePublished":"2018-09-03T15:34:41+00:00","dateModified":"2021-05-05T08:09:35+00:00","description":"\u2018Esnatu\u2019 haurrentzako kristau sarbideko egitasmoaren saioak garatzeko osagarrizko baliabideak.","breadcrumb":{"@id":"https:\/\/esnatu.bizkeliza.org\/eu\/baliabideak\/#breadcrumb"},"inLanguage":"eu-ES","potentialAction":[{"@type":"ReadAction","target":["https:\/\/esnatu.bizkeliza.org\/eu\/baliabideak\/"]}]},{"@type":"ImageObject","inLanguage":"eu-ES","@id":"https:\/\/esnatu.bizkeliza.org\/eu\/baliabideak\/#primaryimage","url":"https:\/\/esnatu.bizkeliza.org\/wp-content\/uploads\/2018\/07\/documento-mini.png","contentUrl":"https:\/\/esnatu.bizkeliza.org\/wp-content\/uploads\/2018\/07\/documento-mini.png"},{"@type":"BreadcrumbList","@id":"https:\/\/esnatu.bizkeliza.org\/eu\/baliabideak\/#breadcrumb","itemListElement":[{"@type":"ListItem","position":1,"name":"Portada","item":"https:\/\/esnatu.bizkeliza.org\/eu\/"},{"@type":"ListItem","position":2,"name":"Baliabideak"}]},{"@type":"WebSite","@id":"https:\/\/esnatu.bizkeliza.org\/#website","url":"https:\/\/esnatu.bizkeliza.org\/","name":"ESNATU","description":"","publisher":{"@id":"https:\/\/esnatu.bizkeliza.org\/#organization"},"potentialAction":[{"@type":"SearchAction","target":{"@type":"EntryPoint","urlTemplate":"https:\/\/esnatu.bizkeliza.org\/?s={search_term_string}"},"query-input":{"@type":"PropertyValueSpecification","valueRequired":true,"valueName":"search_term_string"}}],"inLanguage":"eu-ES"},{"@type":"Organization","@id":"https:\/\/esnatu.bizkeliza.org\/#organization","name":"ESNATU","url":"https:\/\/esnatu.bizkeliza.org\/","logo":{"@type":"ImageObject","inLanguage":"eu-ES","@id":"https:\/\/esnatu.bizkeliza.org\/#\/schema\/logo\/image\/","url":"https:\/\/esnatu.bizkeliza.org\/wp-content\/uploads\/2018\/06\/portada-video-esnatu.jpg","contentUrl":"https:\/\/esnatu.bizkeliza.org\/wp-content\/uploads\/2018\/06\/portada-video-esnatu.jpg","width":1920,"height":1080,"caption":"ESNATU"},"image":{"@id":"https:\/\/esnatu.bizkeliza.org\/#\/schema\/logo\/image\/"}}]}},"_links":{"self":[{"href":"https:\/\/esnatu.bizkeliza.org\/eu\/wp-json\/wp\/v2\/pages\/2865","targetHints":{"allow":["GET"]}}],"collection":[{"href":"https:\/\/esnatu.bizkeliza.org\/eu\/wp-json\/wp\/v2\/pages"}],"about":[{"href":"https:\/\/esnatu.bizkeliza.org\/eu\/wp-json\/wp\/v2\/types\/page"}],"author":[{"embeddable":true,"href":"https:\/\/esnatu.bizkeliza.org\/eu\/wp-json\/wp\/v2\/users\/1"}],"replies":[{"embeddable":true,"href":"https:\/\/esnatu.bizkeliza.org\/eu\/wp-json\/wp\/v2\/comments?post=2865"}],"version-history":[{"count":24,"href":"https:\/\/esnatu.bizkeliza.org\/eu\/wp-json\/wp\/v2\/pages\/2865\/revisions"}],"predecessor-version":[{"id":4252,"href":"https:\/\/esnatu.bizkeliza.org\/eu\/wp-json\/wp\/v2\/pages\/2865\/revisions\/4252"}],"wp:attachment":[{"href":"https:\/\/esnatu.bizkeliza.org\/eu\/wp-json\/wp\/v2\/media?parent=2865"}],"curies":[{"name":"wp","href":"https:\/\/api.w.org\/{rel}","templated":true}]}}